{"id":7743,"date":"2022-03-18T06:35:19","date_gmt":"2022-03-18T06:35:19","guid":{"rendered":"https:\/\/fondation-isae-supaero.org\/governance\/"},"modified":"2025-10-06T15:12:28","modified_gmt":"2025-10-06T15:12:28","slug":"governance","status":"publish","type":"page","link":"https:\/\/fondation-isae-supaero.org\/en\/governance\/","title":{"rendered":"Governance"},"content":{"rendered":"<p>[et_pb_section fb_built=&#8221;1&#8243; custom_padding_last_edited=&#8221;on|phone&#8221; _builder_version=&#8221;4.16&#8243; _module_preset=&#8221;default&#8221; custom_padding=&#8221;6%||6%||true|false&#8221; custom_padding_tablet=&#8221;120px||60px||false|false&#8221; custom_padding_phone=&#8221;120px||50px||false|false&#8221; global_colors_info=&#8221;{}&#8221;][et_pb_row column_structure=&#8221;1_2,1_2&#8243; use_custom_gutter=&#8221;on&#8221; gutter_width=&#8221;1&#8243; make_equal=&#8221;on&#8221; _builder_version=&#8221;4.16&#8243; _module_preset=&#8221;default&#8221; custom_css_main_element=&#8221;align-items:center;&#8221; global_colors_info=&#8221;{}&#8221;][et_pb_column type=&#8221;1_2&#8243; _builder_version=&#8221;4.16&#8243; _module_preset=&#8221;default&#8221; custom_padding=&#8221;|4%|||false|false&#8221; custom_padding_tablet=&#8221;|0%|||false|false&#8221; custom_padding_phone=&#8221;|0%|||false|false&#8221; custom_padding_last_edited=&#8221;on|tablet&#8221; global_colors_info=&#8221;{}&#8221;][et_pb_image src=&#8221;http:\/\/fondation-isae-supaero.org\/wp-content\/uploads\/2022\/03\/trait-jaune-titre.svg&#8221; _builder_version=&#8221;4.16&#8243; _module_preset=&#8221;default&#8221; custom_margin=&#8221;||10px||false|false&#8221; global_colors_info=&#8221;{}&#8221;][\/et_pb_image][et_pb_text _builder_version=&#8221;4.16&#8243; _module_preset=&#8221;default&#8221; header_font=&#8221;||||||||&#8221; header_font_size=&#8221;3.3em&#8221; header_letter_spacing=&#8221;-1px&#8221; custom_margin=&#8221;||17px|||&#8221; header_font_size_tablet=&#8221;3.3em&#8221; header_font_size_phone=&#8221;2.3em&#8221; header_font_size_last_edited=&#8221;on|phone&#8221; global_colors_info=&#8221;{}&#8221;]<\/p>\n<h1>governance<\/h1>\n<p>[\/et_pb_text][et_pb_text _builder_version=&#8221;4.16&#8243; _module_preset=&#8221;default&#8221; max_width=&#8221;450px&#8221; max_width_tablet=&#8221;100%&#8221; max_width_phone=&#8221;100%&#8221; max_width_last_edited=&#8221;on|tablet&#8221; module_alignment=&#8221;left&#8221; custom_margin=&#8221;||32px|||&#8221; global_colors_info=&#8221;{}&#8221;]<\/p>\n<p>The governance of the Foundation is ensured in a rigorous and transparent manner by a Board of Directors which elects an Executive Committee and relies on the advice of two advisory committees. Directors and committee members serve as volunteers in the administration of the Foundation.<\/p>\n<p>[\/et_pb_text][\/et_pb_column][et_pb_column type=&#8221;1_2&#8243; _builder_version=&#8221;4.16&#8243; _module_preset=&#8221;default&#8221; global_colors_info=&#8221;{}&#8221;][et_pb_image src=&#8221;http:\/\/fondation-isae-supaero.org\/wp-content\/uploads\/2022\/04\/gouvernance-header.webp&#8221; align=&#8221;right&#8221; force_fullwidth=&#8221;on&#8221; align_tablet=&#8221;left&#8221; align_phone=&#8221;left&#8221; align_last_edited=&#8221;on|tablet&#8221; module_class=&#8221;left-t&#8221; _builder_version=&#8221;4.16&#8243; _module_preset=&#8221;default&#8221; background_enable_image=&#8221;off&#8221; background_size=&#8221;initial&#8221; background_position=&#8221;top_left&#8221; z_index=&#8221;0&#8243; custom_margin=&#8221;||||false|false&#8221; custom_margin_tablet=&#8221;20px||||false|false&#8221; custom_margin_phone=&#8221;20px||||false|false&#8221; custom_margin_last_edited=&#8221;on|tablet&#8221; global_colors_info=&#8221;{}&#8221;][\/et_pb_image][\/et_pb_column][\/et_pb_row][\/et_pb_section][et_pb_section fb_built=&#8221;1&#8243; custom_padding_last_edited=&#8221;on|tablet&#8221; module_id=&#8221;actu&#8221; _builder_version=&#8221;4.16&#8243; _module_preset=&#8221;default&#8221; background_enable_color=&#8221;on&#8221; background_image=&#8221;http:\/\/fondation-isae-supaero.org\/wp-content\/uploads\/2022\/03\/pointilles.svg&#8221; background_size=&#8221;initial&#8221; background_repeat=&#8221;repeat-y&#8221; custom_margin=&#8221;2%||||false|false&#8221; custom_margin_tablet=&#8221;20px||||false|false&#8221; custom_margin_phone=&#8221;20px||||false|false&#8221; custom_margin_last_edited=&#8221;on|tablet&#8221; custom_padding=&#8221;0%||100px||false|false&#8221; custom_padding_tablet=&#8221;0px||||false|false&#8221; custom_padding_phone=&#8221;0px||80px||false|false&#8221; global_colors_info=&#8221;{}&#8221;][et_pb_row _builder_version=&#8221;4.16&#8243; _module_preset=&#8221;default&#8221; global_colors_info=&#8221;{}&#8221;][et_pb_column type=&#8221;4_4&#8243; _builder_version=&#8221;4.16&#8243; _module_preset=&#8221;default&#8221; global_colors_info=&#8221;{}&#8221;][et_pb_image src=&#8221;http:\/\/fondation-isae-supaero.org\/wp-content\/uploads\/2022\/03\/losange-blanc.svg&#8221; align=&#8221;center&#8221; _builder_version=&#8221;4.16&#8243; _module_preset=&#8221;default&#8221; custom_margin=&#8221;-39px||||false|false&#8221; custom_margin_tablet=&#8221;-39px||0px||false|false&#8221; custom_margin_phone=&#8221;-39px||0px||false|false&#8221; custom_margin_last_edited=&#8221;on|tablet&#8221; custom_padding_tablet=&#8221;||0px||false|false&#8221; custom_padding_phone=&#8221;||0px||false|false&#8221; custom_padding_last_edited=&#8221;on|tablet&#8221; global_colors_info=&#8221;{}&#8221;][\/et_pb_image][\/et_pb_column][\/et_pb_row][et_pb_row use_custom_gutter=&#8221;on&#8221; gutter_width=&#8221;1&#8243; make_equal=&#8221;on&#8221; _builder_version=&#8221;4.16&#8243; _module_preset=&#8221;default&#8221; custom_margin=&#8221;80px|auto||auto|false|false&#8221; custom_margin_tablet=&#8221;59px|auto||auto|false|false&#8221; custom_margin_phone=&#8221;50px|auto||auto|false|false&#8221; custom_margin_last_edited=&#8221;on|tablet&#8221; global_colors_info=&#8221;{}&#8221;][et_pb_column type=&#8221;4_4&#8243; _builder_version=&#8221;4.16&#8243; _module_preset=&#8221;default&#8221; custom_padding=&#8221;|5%|||false|false&#8221; custom_padding_tablet=&#8221;|0%|||false|false&#8221; custom_padding_phone=&#8221;|0%|||false|false&#8221; custom_padding_last_edited=&#8221;on|tablet&#8221; border_color_right=&#8221;gcid-cbcef012-862c-4867-889e-8f8aada6e9fa&#8221; border_width_right_tablet=&#8221;0px&#8221; border_width_right_phone=&#8221;0px&#8221; border_width_right_last_edited=&#8221;on|tablet&#8221; global_colors_info=&#8221;{%22gcid-cbcef012-862c-4867-889e-8f8aada6e9fa%22:%91%22border_color_right%22%93}&#8221;][et_pb_text _builder_version=&#8221;4.16&#8243; _module_preset=&#8221;73cde422-6bc7-4278-8c2d-f710a884f462&#8243; header_2_text_align=&#8221;left&#8221; background_image=&#8221;http:\/\/fondation-isae-supaero.org\/wp-content\/uploads\/2022\/04\/bleu-jaune.gif&#8221; background_size=&#8221;initial&#8221; background_position=&#8221;bottom_left&#8221; max_width=&#8221;550px&#8221; module_alignment=&#8221;left&#8221; custom_margin=&#8221;||0.3%||false|false&#8221; custom_padding=&#8221;0.5%||30px||false|false&#8221; custom_padding_tablet=&#8221;0px||30px||false|false&#8221; custom_padding_phone=&#8221;||30px||false|false&#8221; custom_padding_last_edited=&#8221;on|tablet&#8221; header_2_font_size_phone=&#8221;1.8em&#8221; global_colors_info=&#8221;{}&#8221;]<\/p>\n<h2>board of directors<\/h2>\n<p>[\/et_pb_text][\/et_pb_column][\/et_pb_row][et_pb_row column_structure=&#8221;1_4,1_4,1_4,1_4&#8243; use_custom_gutter=&#8221;on&#8221; gutter_width=&#8221;2&#8243; make_equal=&#8221;on&#8221; custom_padding_last_edited=&#8221;on|tablet&#8221; disabled_on=&#8221;on|on|off&#8221; _builder_version=&#8221;4.16&#8243; _module_preset=&#8221;default&#8221; background_enable_image=&#8221;off&#8221; background_size=&#8221;initial&#8221; background_position=&#8221;bottom_left&#8221; z_index=&#8221;37&#8243; custom_margin=&#8221;|auto||auto|false|false&#8221; custom_padding=&#8221;0%||0px||false|false&#8221; custom_padding_tablet=&#8221;0%||100px||false|false&#8221; custom_padding_phone=&#8221;0%||100px||false|false&#8221; global_colors_info=&#8221;{}&#8221;][et_pb_column type=&#8221;1_4&#8243; _builder_version=&#8221;4.16&#8243; _module_preset=&#8221;default&#8221; global_colors_info=&#8221;{}&#8221;][et_pb_image src=&#8221;https:\/\/fondation-isae-supaero.org\/wp-content\/uploads\/2024\/01\/Stephane-Albernhe_110x110_Fond_Blanc.png&#8221; align=&#8221;right&#8221; module_class=&#8221;has-border-yellow&#8221; _builder_version=&#8221;4.21.0&#8243; _module_preset=&#8221;default&#8221; transform_scale_tablet=&#8221;&#8221; transform_scale_phone=&#8221;&#8221; transform_scale_last_edited=&#8221;on|desktop&#8221; transform_translate=&#8221;0px|68px&#8221; transform_translate_tablet=&#8221;0px|68px&#8221; transform_translate_phone=&#8221;0px|68px&#8221; transform_translate_last_edited=&#8221;on|desktop&#8221; transform_translate_linked=&#8221;off&#8221; transform_rotate_tablet=&#8221;&#8221; transform_rotate_phone=&#8221;&#8221; transform_rotate_last_edited=&#8221;on|desktop&#8221; transform_skew_tablet=&#8221;&#8221; transform_skew_phone=&#8221;&#8221; transform_skew_last_edited=&#8221;on|desktop&#8221; transform_origin_tablet=&#8221;&#8221; transform_origin_phone=&#8221;&#8221; transform_origin_last_edited=&#8221;on|desktop&#8221; transform_styles_last_edited=&#8221;on|desktop&#8221; z_index=&#8221;17&#8243; width=&#8221;110px&#8221; height=&#8221;110px&#8221; custom_margin=&#8221;||0px||false|false&#8221; custom_padding=&#8221;||0px||false|false&#8221; transform_styles_tablet=&#8221;&#8221; transform_styles_phone=&#8221;&#8221; global_colors_info=&#8221;{}&#8221;][\/et_pb_image][\/et_pb_column][et_pb_column type=&#8221;1_4&#8243; _builder_version=&#8221;4.16&#8243; _module_preset=&#8221;default&#8221; global_colors_info=&#8221;{}&#8221;][et_pb_image src=&#8221;https:\/\/fondation-isae-supaero.org\/wp-content\/uploads\/2024\/12\/MHB-Vignette.png&#8221; align=&#8221;right&#8221; module_class=&#8221;has-border-yellow&#8221; _builder_version=&#8221;4.27.3&#8243; _module_preset=&#8221;default&#8221; transform_scale_tablet=&#8221;&#8221; transform_scale_phone=&#8221;&#8221; transform_scale_last_edited=&#8221;on|desktop&#8221; transform_translate=&#8221;0px|68px&#8221; transform_translate_tablet=&#8221;0px|68px&#8221; transform_translate_phone=&#8221;0px|68px&#8221; transform_translate_last_edited=&#8221;on|desktop&#8221; transform_translate_linked=&#8221;off&#8221; transform_rotate_tablet=&#8221;&#8221; transform_rotate_phone=&#8221;&#8221; transform_rotate_last_edited=&#8221;on|desktop&#8221; transform_skew_tablet=&#8221;&#8221; transform_skew_phone=&#8221;&#8221; transform_skew_last_edited=&#8221;on|desktop&#8221; transform_origin_tablet=&#8221;&#8221; transform_origin_phone=&#8221;&#8221; transform_origin_last_edited=&#8221;on|desktop&#8221; transform_styles_last_edited=&#8221;on|desktop&#8221; z_index=&#8221;17&#8243; width=&#8221;110px&#8221; height=&#8221;110px&#8221; custom_margin=&#8221;||0px||false|false&#8221; custom_padding=&#8221;||0px||false|false&#8221; transform_styles_tablet=&#8221;&#8221; transform_styles_phone=&#8221;&#8221; global_colors_info=&#8221;{}&#8221;][\/et_pb_image][\/et_pb_column][et_pb_column type=&#8221;1_4&#8243; _builder_version=&#8221;4.16&#8243; _module_preset=&#8221;default&#8221; global_colors_info=&#8221;{}&#8221;][et_pb_image src=&#8221;https:\/\/fondation-isae-supaero.org\/wp-content\/uploads\/2024\/01\/Jacqueline-Cohen-Bacrie_110x110_Fond_Blanc.png&#8221; align=&#8221;right&#8221; module_class=&#8221;has-border-yellow&#8221; _builder_version=&#8221;4.21.0&#8243; _module_preset=&#8221;default&#8221; transform_scale_tablet=&#8221;&#8221; transform_scale_phone=&#8221;&#8221; transform_scale_last_edited=&#8221;on|desktop&#8221; transform_translate=&#8221;0px|68px&#8221; transform_translate_tablet=&#8221;0px|68px&#8221; transform_translate_phone=&#8221;0px|68px&#8221; transform_translate_last_edited=&#8221;on|desktop&#8221; transform_translate_linked=&#8221;off&#8221; transform_rotate_tablet=&#8221;&#8221; transform_rotate_phone=&#8221;&#8221; transform_rotate_last_edited=&#8221;on|desktop&#8221; transform_skew_tablet=&#8221;&#8221; transform_skew_phone=&#8221;&#8221; transform_skew_last_edited=&#8221;on|desktop&#8221; transform_origin_tablet=&#8221;&#8221; transform_origin_phone=&#8221;&#8221; transform_origin_last_edited=&#8221;on|desktop&#8221; transform_styles_last_edited=&#8221;on|desktop&#8221; z_index=&#8221;17&#8243; width=&#8221;110px&#8221; height=&#8221;110px&#8221; custom_margin=&#8221;||0px||false|false&#8221; custom_padding=&#8221;||0px||false|false&#8221; transform_styles_tablet=&#8221;&#8221; transform_styles_phone=&#8221;&#8221; global_colors_info=&#8221;{}&#8221;][\/et_pb_image][\/et_pb_column][et_pb_column type=&#8221;1_4&#8243; _builder_version=&#8221;4.16&#8243; _module_preset=&#8221;default&#8221; global_colors_info=&#8221;{}&#8221;][et_pb_image src=&#8221;https:\/\/fondation-isae-supaero.org\/wp-content\/uploads\/2024\/01\/Arthur-Sejor_110x110_Fond_Blanc.png&#8221; align=&#8221;right&#8221; module_class=&#8221;has-border-yellow&#8221; _builder_version=&#8221;4.21.0&#8243; _module_preset=&#8221;default&#8221; transform_scale_tablet=&#8221;&#8221; transform_scale_phone=&#8221;&#8221; transform_scale_last_edited=&#8221;on|desktop&#8221; transform_translate=&#8221;0px|68px&#8221; transform_translate_tablet=&#8221;0px|68px&#8221; transform_translate_phone=&#8221;0px|68px&#8221; transform_translate_last_edited=&#8221;on|desktop&#8221; transform_translate_linked=&#8221;off&#8221; transform_rotate_tablet=&#8221;&#8221; transform_rotate_phone=&#8221;&#8221; transform_rotate_last_edited=&#8221;on|desktop&#8221; transform_skew_tablet=&#8221;&#8221; transform_skew_phone=&#8221;&#8221; transform_skew_last_edited=&#8221;on|desktop&#8221; transform_origin_tablet=&#8221;&#8221; transform_origin_phone=&#8221;&#8221; transform_origin_last_edited=&#8221;on|desktop&#8221; transform_styles_last_edited=&#8221;on|desktop&#8221; z_index=&#8221;17&#8243; width=&#8221;110px&#8221; height=&#8221;110px&#8221; custom_margin=&#8221;||0px||false|false&#8221; custom_padding=&#8221;||0px||false|false&#8221; transform_styles_tablet=&#8221;&#8221; transform_styles_phone=&#8221;&#8221; global_colors_info=&#8221;{}&#8221;][\/et_pb_image][\/et_pb_column][\/et_pb_row][et_pb_row column_structure=&#8221;1_4,1_4,1_4,1_4&#8243; use_custom_gutter=&#8221;on&#8221; gutter_width=&#8221;2&#8243; make_equal=&#8221;on&#8221; custom_padding_last_edited=&#8221;on|tablet&#8221; disabled_on=&#8221;on|on|off&#8221; _builder_version=&#8221;4.16&#8243; _module_preset=&#8221;default&#8221; background_enable_image=&#8221;off&#8221; background_size=&#8221;initial&#8221; background_position=&#8221;bottom_left&#8221; custom_margin=&#8221;-1px|auto||auto|false|false&#8221; custom_padding=&#8221;0%||80px||false|false&#8221; custom_padding_tablet=&#8221;0%||100px||false|false&#8221; custom_padding_phone=&#8221;0%||100px||false|false&#8221; global_colors_info=&#8221;{}&#8221;][et_pb_column type=&#8221;1_4&#8243; _builder_version=&#8221;4.16&#8243; _module_preset=&#8221;default&#8221; background_color=&#8221;#FFFFFF&#8221; global_colors_info=&#8221;{}&#8221;][et_pb_text _builder_version=&#8221;4.16&#8243; _module_preset=&#8221;b85b28af-9865-4fce-90de-27c421e93f66&#8243; header_3_font_size=&#8221;1.1em&#8221; custom_padding=&#8221;70px|7%||7%|false|true&#8221; global_colors_info=&#8221;{}&#8221;]<\/p>\n<h3>president<\/h3>\n<p>[\/et_pb_text][et_pb_text _builder_version=&#8221;4.21.0&#8243; _module_preset=&#8221;default&#8221; text_font=&#8221;Tiempos Headline Black||||||||&#8221; text_line_height=&#8221;1.1em&#8221; background_color=&#8221;gcid-950e6a19-45b6-4be9-bffe-4ec0fa9a99e4&#8243; background_color_gradient_start=&#8221;#ffffff&#8221; background_color_gradient_end=&#8221;gcid-c36b81ad-c14e-402f-b5f5-285214bb9288&#8243; min_height_tablet=&#8221;auto&#8221; min_height_phone=&#8221;auto&#8221; min_height_last_edited=&#8221;on|tablet&#8221; custom_margin=&#8221;-1px||0px||false|false&#8221; custom_padding=&#8221;9px|7%|0px|7%|false|true&#8221; custom_padding_tablet=&#8221;|5%|5%|5%|false|true&#8221; custom_padding_phone=&#8221;|3%|10%|3%|false|true&#8221; custom_padding_last_edited=&#8221;on|phone&#8221; global_colors_info=&#8221;{%22gcid-c36b81ad-c14e-402f-b5f5-285214bb9288%22:%91%22colorEnd%22,%22colorEnd%22,%22colorEnd%22%93,%22gcid-950e6a19-45b6-4be9-bffe-4ec0fa9a99e4%22:%91%22background_color%22%93}&#8221;]<\/p>\n<p><span style=\"background-image: linear-gradient(180deg,#ffffff 53%,#ffed00 53%);\">St\u00e9phane Albernhe<\/span><\/p>\n<p>[\/et_pb_text][et_pb_text _builder_version=&#8221;4.21.0&#8243; _module_preset=&#8221;default&#8221; background_color=&#8221;#FFFFFF&#8221; min_height_tablet=&#8221;auto&#8221; min_height_phone=&#8221;auto&#8221; min_height_last_edited=&#8221;on|tablet&#8221; custom_margin=&#8221;-1px||0px||false|false&#8221; custom_padding=&#8221;18px|7%|10%|7%|false|true&#8221; custom_padding_tablet=&#8221;|5%|5%|5%|false|true&#8221; custom_padding_phone=&#8221;|3%|10%|3%|false|true&#8221; custom_padding_last_edited=&#8221;on|phone&#8221; global_colors_info=&#8221;{}&#8221;]<\/p>\n<p>President, Archery Strategy Consulting<br \/>(S 1991)<\/p>\n<p>[\/et_pb_text][\/et_pb_column][et_pb_column type=&#8221;1_4&#8243; _builder_version=&#8221;4.16&#8243; _module_preset=&#8221;default&#8221; background_color=&#8221;#FFFFFF&#8221; global_colors_info=&#8221;{}&#8221;][et_pb_text _builder_version=&#8221;4.16&#8243; _module_preset=&#8221;b85b28af-9865-4fce-90de-27c421e93f66&#8243; header_3_font_size=&#8221;1.1em&#8221; custom_padding=&#8221;70px|100px||7%|false|false&#8221; global_colors_info=&#8221;{}&#8221;]<\/p>\n<h3>vice-president<\/h3>\n<p>[\/et_pb_text][et_pb_text _builder_version=&#8221;4.27.3&#8243; _module_preset=&#8221;default&#8221; text_font=&#8221;Tiempos Headline Black||||||||&#8221; text_line_height=&#8221;1.1em&#8221; background_color=&#8221;gcid-950e6a19-45b6-4be9-bffe-4ec0fa9a99e4&#8243; background_color_gradient_start=&#8221;#ffffff&#8221; background_color_gradient_end=&#8221;gcid-c36b81ad-c14e-402f-b5f5-285214bb9288&#8243; min_height_tablet=&#8221;auto&#8221; min_height_phone=&#8221;auto&#8221; min_height_last_edited=&#8221;on|tablet&#8221; custom_margin=&#8221;-1px||0px||false|false&#8221; custom_padding=&#8221;9px|7%|0px|7%|false|true&#8221; custom_padding_tablet=&#8221;|5%|5%|5%|false|true&#8221; custom_padding_phone=&#8221;|3%|10%|3%|false|true&#8221; custom_padding_last_edited=&#8221;on|phone&#8221; global_colors_info=&#8221;{%22gcid-c36b81ad-c14e-402f-b5f5-285214bb9288%22:%91%22colorEnd%22,%22colorEnd%22,%22colorEnd%22%93,%22gcid-950e6a19-45b6-4be9-bffe-4ec0fa9a99e4%22:%91%22background_color%22%93}&#8221;]<\/p>\n<p><span style=\"background-image: linear-gradient(180deg,#ffffff 53%,#ffed00 53%);\">Marie-H\u00e9l\u00e8ne Baroux<\/span><\/p>\n<p>[\/et_pb_text][et_pb_text _builder_version=&#8221;4.19.4&#8243; _module_preset=&#8221;default&#8221; background_color=&#8221;#FFFFFF&#8221; min_height_tablet=&#8221;auto&#8221; min_height_phone=&#8221;auto&#8221; min_height_last_edited=&#8221;on|tablet&#8221; custom_margin=&#8221;-1px||0px||false|false&#8221; custom_padding=&#8221;18px|7%|10%|7%|false|true&#8221; custom_padding_tablet=&#8221;|5%|5%|5%|false|true&#8221; custom_padding_phone=&#8221;|3%|10%|3%|false|true&#8221; custom_padding_last_edited=&#8221;on|phone&#8221; global_colors_info=&#8221;{}&#8221;]<\/p>\n<p>General Manager, ISAE-SUPAERO<br \/>(S 1993 M)<\/p>\n<p>[\/et_pb_text][\/et_pb_column][et_pb_column type=&#8221;1_4&#8243; _builder_version=&#8221;4.16&#8243; _module_preset=&#8221;default&#8221; background_color=&#8221;#FFFFFF&#8221; global_colors_info=&#8221;{}&#8221;][et_pb_text _builder_version=&#8221;4.16&#8243; _module_preset=&#8221;b85b28af-9865-4fce-90de-27c421e93f66&#8243; header_3_font_size=&#8221;1.1em&#8221; custom_padding=&#8221;70px|7%||7%|false|true&#8221; global_colors_info=&#8221;{}&#8221;]<\/p>\n<h3>secretary<\/h3>\n<p>[\/et_pb_text][et_pb_text _builder_version=&#8221;4.21.0&#8243; _module_preset=&#8221;default&#8221; text_font=&#8221;Tiempos Headline Black||||||||&#8221; text_line_height=&#8221;1.1em&#8221; background_color=&#8221;gcid-950e6a19-45b6-4be9-bffe-4ec0fa9a99e4&#8243; background_color_gradient_start=&#8221;#ffffff&#8221; background_color_gradient_end=&#8221;gcid-c36b81ad-c14e-402f-b5f5-285214bb9288&#8243; min_height_tablet=&#8221;auto&#8221; min_height_phone=&#8221;auto&#8221; min_height_last_edited=&#8221;on|tablet&#8221; custom_margin=&#8221;-1px||0px||false|false&#8221; custom_padding=&#8221;9px|7%|0px|7%|false|true&#8221; custom_padding_tablet=&#8221;|5%|5%|5%|false|true&#8221; custom_padding_phone=&#8221;|3%|10%|3%|false|true&#8221; custom_padding_last_edited=&#8221;on|phone&#8221; global_colors_info=&#8221;{%22gcid-c36b81ad-c14e-402f-b5f5-285214bb9288%22:%91%22colorEnd%22,%22colorEnd%22,%22colorEnd%22%93,%22gcid-950e6a19-45b6-4be9-bffe-4ec0fa9a99e4%22:%91%22background_color%22%93}&#8221;]<\/p>\n<p><span style=\"background-image: linear-gradient(180deg,#ffffff 53%,#ffed00 53%);\">Jacqueline Cohen-Bacrie<\/span><\/p>\n<p>[\/et_pb_text][et_pb_text _builder_version=&#8221;4.21.0&#8243; _module_preset=&#8221;default&#8221; background_color=&#8221;#FFFFFF&#8221; min_height_tablet=&#8221;auto&#8221; min_height_phone=&#8221;auto&#8221; min_height_last_edited=&#8221;on|tablet&#8221; custom_margin=&#8221;-1px||0px||false|false&#8221; custom_padding=&#8221;18px|7%|10%|7%|false|true&#8221; custom_padding_tablet=&#8221;|5%|5%|5%|false|true&#8221; custom_padding_phone=&#8221;|3%|10%|3%|false|true&#8221; custom_padding_last_edited=&#8221;on|phone&#8221; global_colors_info=&#8221;{}&#8221;]<\/p>\n<p>Alumni Association representative<br \/>(S 1981)<\/p>\n<p>[\/et_pb_text][\/et_pb_column][et_pb_column type=&#8221;1_4&#8243; _builder_version=&#8221;4.16&#8243; _module_preset=&#8221;default&#8221; background_color=&#8221;#FFFFFF&#8221; global_colors_info=&#8221;{}&#8221;][et_pb_text _builder_version=&#8221;4.16&#8243; _module_preset=&#8221;b85b28af-9865-4fce-90de-27c421e93f66&#8243; header_3_font_size=&#8221;1.1em&#8221; custom_padding=&#8221;70px|7%||7%|false|true&#8221; global_colors_info=&#8221;{}&#8221;]<\/p>\n<h3>treasurer<\/h3>\n<p>[\/et_pb_text][et_pb_text _builder_version=&#8221;4.21.0&#8243; _module_preset=&#8221;default&#8221; text_font=&#8221;Tiempos Headline Black||||||||&#8221; text_line_height=&#8221;1.1em&#8221; background_color=&#8221;gcid-950e6a19-45b6-4be9-bffe-4ec0fa9a99e4&#8243; background_color_gradient_start=&#8221;#ffffff&#8221; background_color_gradient_end=&#8221;gcid-c36b81ad-c14e-402f-b5f5-285214bb9288&#8243; min_height_tablet=&#8221;auto&#8221; min_height_phone=&#8221;auto&#8221; min_height_last_edited=&#8221;on|tablet&#8221; custom_margin=&#8221;-1px||0px||false|false&#8221; custom_padding=&#8221;9px|7%|0px|7%|false|true&#8221; custom_padding_tablet=&#8221;|5%|5%|5%|false|true&#8221; custom_padding_phone=&#8221;|3%|10%|3%|false|true&#8221; custom_padding_last_edited=&#8221;on|phone&#8221; global_colors_info=&#8221;{%22gcid-c36b81ad-c14e-402f-b5f5-285214bb9288%22:%91%22colorEnd%22,%22colorEnd%22,%22colorEnd%22%93,%22gcid-950e6a19-45b6-4be9-bffe-4ec0fa9a99e4%22:%91%22background_color%22%93}&#8221;]<\/p>\n<p><span style=\"background-image: linear-gradient(180deg,#ffffff 53%,#ffed00 53%);\">Arthur S\u00e9jor<\/span><\/p>\n<p>[\/et_pb_text][et_pb_text _builder_version=&#8221;4.21.0&#8243; _module_preset=&#8221;default&#8221; background_color=&#8221;#FFFFFF&#8221; min_height_tablet=&#8221;auto&#8221; min_height_phone=&#8221;auto&#8221; min_height_last_edited=&#8221;on|tablet&#8221; custom_margin=&#8221;-1px||0px||false|false&#8221; custom_padding=&#8221;18px|7%|10%|7%|false|true&#8221; custom_padding_tablet=&#8221;|5%|5%|5%|false|true&#8221; custom_padding_phone=&#8221;|3%|10%|3%|false|true&#8221; custom_padding_last_edited=&#8221;on|phone&#8221; global_colors_info=&#8221;{}&#8221;]<\/p>\n<p>Associate Director, Archery Strategy Consulting<br \/>(S 2009)<\/p>\n<p>[\/et_pb_text][\/et_pb_column][\/et_pb_row][et_pb_row column_structure=&#8221;1_4,1_4,1_4,1_4&#8243; use_custom_gutter=&#8221;on&#8221; gutter_width=&#8221;2&#8243; make_equal=&#8221;on&#8221; custom_padding_last_edited=&#8221;on|tablet&#8221; disabled_on=&#8221;off|off|on&#8221; _builder_version=&#8221;4.16&#8243; _module_preset=&#8221;default&#8221; background_enable_image=&#8221;off&#8221; background_size=&#8221;initial&#8221; background_position=&#8221;bottom_left&#8221; custom_margin=&#8221;|auto||auto|false|false&#8221; custom_padding=&#8221;0%||100px||false|false&#8221; custom_padding_tablet=&#8221;0%||100px||false|false&#8221; custom_padding_phone=&#8221;0%||80px||false|false&#8221; global_colors_info=&#8221;{}&#8221;][et_pb_column type=&#8221;1_4&#8243; _builder_version=&#8221;4.16&#8243; _module_preset=&#8221;default&#8221; global_colors_info=&#8221;{}&#8221;][et_pb_image src=&#8221;https:\/\/fondation-isae-supaero.org\/wp-content\/uploads\/2024\/01\/Stephane-Albernhe_110x110_Fond_Blanc.png&#8221; align=&#8221;right&#8221; module_class=&#8221;has-border-yellow&#8221; _builder_version=&#8221;4.24.0&#8243; _module_preset=&#8221;default&#8221; transform_scale_tablet=&#8221;&#8221; transform_scale_phone=&#8221;&#8221; transform_scale_last_edited=&#8221;on|desktop&#8221; transform_translate=&#8221;0px|68px&#8221; transform_translate_tablet=&#8221;0px|68px&#8221; transform_translate_phone=&#8221;0px|68px&#8221; transform_translate_last_edited=&#8221;on|desktop&#8221; transform_translate_linked=&#8221;off&#8221; transform_rotate_tablet=&#8221;&#8221; transform_rotate_phone=&#8221;&#8221; transform_rotate_last_edited=&#8221;on|desktop&#8221; transform_skew_tablet=&#8221;&#8221; transform_skew_phone=&#8221;&#8221; transform_skew_last_edited=&#8221;on|desktop&#8221; transform_origin_tablet=&#8221;&#8221; transform_origin_phone=&#8221;&#8221; transform_origin_last_edited=&#8221;on|desktop&#8221; transform_styles_last_edited=&#8221;on|desktop&#8221; z_index=&#8221;17&#8243; width=&#8221;110px&#8221; height=&#8221;110px&#8221; custom_margin=&#8221;||0px||false|false&#8221; custom_padding=&#8221;||0px||false|false&#8221; transform_styles_tablet=&#8221;&#8221; transform_styles_phone=&#8221;&#8221; global_colors_info=&#8221;{}&#8221;][\/et_pb_image][et_pb_text _builder_version=&#8221;4.16&#8243; _module_preset=&#8221;b85b28af-9865-4fce-90de-27c421e93f66&#8243; header_3_font_size=&#8221;1.1em&#8221; custom_padding=&#8221;70px|7%||7%|false|true&#8221; global_colors_info=&#8221;{}&#8221;]<\/p>\n<h3>president<\/h3>\n<p>[\/et_pb_text][et_pb_text _builder_version=&#8221;4.24.0&#8243; _module_preset=&#8221;default&#8221; text_font=&#8221;Tiempos Headline Black||||||||&#8221; text_font_size=&#8221;16px&#8221; text_line_height=&#8221;1.1em&#8221; background_color=&#8221;gcid-950e6a19-45b6-4be9-bffe-4ec0fa9a99e4&#8243; background_color_gradient_start=&#8221;#ffffff&#8221; background_color_gradient_end=&#8221;gcid-c36b81ad-c14e-402f-b5f5-285214bb9288&#8243; min_height_tablet=&#8221;auto&#8221; min_height_phone=&#8221;auto&#8221; min_height_last_edited=&#8221;on|tablet&#8221; custom_margin=&#8221;-1px||0px||false|false&#8221; custom_padding=&#8221;9px|7%|0px|7%|false|true&#8221; custom_padding_tablet=&#8221;|5%|5%|5%|false|true&#8221; custom_padding_phone=&#8221;|3%|0%|3%|false|true&#8221; custom_padding_last_edited=&#8221;on|phone&#8221; text_font_size_tablet=&#8221;16px&#8221; text_font_size_phone=&#8221;20px&#8221; text_font_size_last_edited=&#8221;on|phone&#8221; global_colors_info=&#8221;{%22gcid-c36b81ad-c14e-402f-b5f5-285214bb9288%22:%91%22colorEnd%22,%22colorEnd%22,%22colorEnd%22%93,%22gcid-950e6a19-45b6-4be9-bffe-4ec0fa9a99e4%22:%91%22background_color%22%93}&#8221;]<\/p>\n<p><span style=\"background-image: linear-gradient(180deg,#ffffff 53%,#ffed00 53%);\">St\u00e9phane Albernhe<\/span><\/p>\n<p>[\/et_pb_text][et_pb_text _builder_version=&#8221;4.24.0&#8243; _module_preset=&#8221;default&#8221; background_color=&#8221;#FFFFFF&#8221; min_height=&#8221;170px&#8221; min_height_tablet=&#8221;auto&#8221; min_height_phone=&#8221;auto&#8221; min_height_last_edited=&#8221;on|tablet&#8221; custom_margin=&#8221;-1px||0px||false|false&#8221; custom_padding=&#8221;18px|7%|10%|7%|false|true&#8221; custom_padding_tablet=&#8221;|5%|5%|5%|false|true&#8221; custom_padding_phone=&#8221;|3%|10%|3%|false|true&#8221; custom_padding_last_edited=&#8221;on|phone&#8221; global_colors_info=&#8221;{}&#8221;]<\/p>\n<p>President, Archery Strategy Consulting<\/p>\n<p>[\/et_pb_text][\/et_pb_column][et_pb_column type=&#8221;1_4&#8243; _builder_version=&#8221;4.16&#8243; _module_preset=&#8221;default&#8221; global_colors_info=&#8221;{}&#8221;][et_pb_image src=&#8221;https:\/\/fondation-isae-supaero.org\/wp-content\/uploads\/2024\/12\/MHB-Vignette.png&#8221; align=&#8221;right&#8221; module_class=&#8221;has-border-yellow&#8221; _builder_version=&#8221;4.27.3&#8243; _module_preset=&#8221;default&#8221; transform_scale_tablet=&#8221;&#8221; transform_scale_phone=&#8221;&#8221; transform_scale_last_edited=&#8221;on|desktop&#8221; transform_translate=&#8221;0px|68px&#8221; transform_translate_tablet=&#8221;0px|68px&#8221; transform_translate_phone=&#8221;0px|68px&#8221; transform_translate_last_edited=&#8221;on|desktop&#8221; transform_translate_linked=&#8221;off&#8221; transform_rotate_tablet=&#8221;&#8221; transform_rotate_phone=&#8221;&#8221; transform_rotate_last_edited=&#8221;on|desktop&#8221; transform_skew_tablet=&#8221;&#8221; transform_skew_phone=&#8221;&#8221; transform_skew_last_edited=&#8221;on|desktop&#8221; transform_origin_tablet=&#8221;&#8221; transform_origin_phone=&#8221;&#8221; transform_origin_last_edited=&#8221;on|desktop&#8221; transform_styles_last_edited=&#8221;on|desktop&#8221; z_index=&#8221;17&#8243; width=&#8221;110px&#8221; height=&#8221;110px&#8221; custom_margin=&#8221;||0px||false|false&#8221; custom_padding=&#8221;||0px||false|false&#8221; transform_styles_tablet=&#8221;&#8221; transform_styles_phone=&#8221;&#8221; global_colors_info=&#8221;{}&#8221;][\/et_pb_image][et_pb_text _builder_version=&#8221;4.27.3&#8243; _module_preset=&#8221;b85b28af-9865-4fce-90de-27c421e93f66&#8243; header_3_font_size=&#8221;1.1em&#8221; custom_padding=&#8221;70px|7%||7%|false|true&#8221; custom_padding_tablet=&#8221;70px|7%||7%|false|true&#8221; custom_padding_phone=&#8221;10%|150px||3%|false|false&#8221; custom_padding_last_edited=&#8221;on|phone&#8221; global_colors_info=&#8221;{}&#8221;]<\/p>\n<h3>vice-president<\/h3>\n<p>[\/et_pb_text][et_pb_text _builder_version=&#8221;4.27.3&#8243; _module_preset=&#8221;default&#8221; text_font=&#8221;Tiempos Headline Black||||||||&#8221; text_font_size=&#8221;16px&#8221; text_line_height=&#8221;1.1em&#8221; background_color=&#8221;gcid-950e6a19-45b6-4be9-bffe-4ec0fa9a99e4&#8243; background_color_gradient_start=&#8221;#ffffff&#8221; background_color_gradient_end=&#8221;gcid-c36b81ad-c14e-402f-b5f5-285214bb9288&#8243; min_height_tablet=&#8221;auto&#8221; min_height_phone=&#8221;auto&#8221; min_height_last_edited=&#8221;on|tablet&#8221; custom_margin=&#8221;-1px||0px||false|false&#8221; custom_padding=&#8221;9px|7%|0px|7%|false|true&#8221; custom_padding_tablet=&#8221;|5%|5%|5%|false|true&#8221; custom_padding_phone=&#8221;|3%|0%|3%|false|true&#8221; custom_padding_last_edited=&#8221;on|phone&#8221; text_font_size_tablet=&#8221;16px&#8221; text_font_size_phone=&#8221;20px&#8221; text_font_size_last_edited=&#8221;on|phone&#8221; global_colors_info=&#8221;{%22gcid-c36b81ad-c14e-402f-b5f5-285214bb9288%22:%91%22colorEnd%22,%22colorEnd%22,%22colorEnd%22%93,%22gcid-950e6a19-45b6-4be9-bffe-4ec0fa9a99e4%22:%91%22background_color%22%93}&#8221;]<\/p>\n<p><span style=\"background-image: linear-gradient(180deg,#ffffff 53%,#ffed00 53%);\">Marie-H\u00e9l\u00e8ne Baroux<\/span><\/p>\n<p>[\/et_pb_text][et_pb_text _builder_version=&#8221;4.27.3&#8243; _module_preset=&#8221;default&#8221; background_color=&#8221;#FFFFFF&#8221; min_height=&#8221;160px&#8221; min_height_tablet=&#8221;auto&#8221; min_height_phone=&#8221;auto&#8221; min_height_last_edited=&#8221;on|tablet&#8221; custom_margin=&#8221;-1px||0px||false|false&#8221; custom_padding=&#8221;18px|7%|10%|7%|false|true&#8221; custom_padding_tablet=&#8221;|5%|5%|5%|false|true&#8221; custom_padding_phone=&#8221;|3%|10%|3%|false|true&#8221; custom_padding_last_edited=&#8221;on|phone&#8221; global_colors_info=&#8221;{}&#8221;]<\/p>\n<p>General Manager of ISAE-SUPAERO<\/p>\n<p>[\/et_pb_text][\/et_pb_column][et_pb_column type=&#8221;1_4&#8243; _builder_version=&#8221;4.16&#8243; _module_preset=&#8221;default&#8221; global_colors_info=&#8221;{}&#8221;][et_pb_image src=&#8221;https:\/\/fondation-isae-supaero.org\/wp-content\/uploads\/2024\/01\/Jacqueline-Cohen-Bacrie_110x110_Fond_Blanc.png&#8221; align=&#8221;right&#8221; module_class=&#8221;has-border-yellow&#8221; _builder_version=&#8221;4.24.0&#8243; _module_preset=&#8221;default&#8221; transform_scale_tablet=&#8221;&#8221; transform_scale_phone=&#8221;&#8221; transform_scale_last_edited=&#8221;on|desktop&#8221; transform_translate=&#8221;0px|68px&#8221; transform_translate_tablet=&#8221;0px|68px&#8221; transform_translate_phone=&#8221;0px|68px&#8221; transform_translate_last_edited=&#8221;on|desktop&#8221; transform_translate_linked=&#8221;off&#8221; transform_rotate_tablet=&#8221;&#8221; transform_rotate_phone=&#8221;&#8221; transform_rotate_last_edited=&#8221;on|desktop&#8221; transform_skew_tablet=&#8221;&#8221; transform_skew_phone=&#8221;&#8221; transform_skew_last_edited=&#8221;on|desktop&#8221; transform_origin_tablet=&#8221;&#8221; transform_origin_phone=&#8221;&#8221; transform_origin_last_edited=&#8221;on|desktop&#8221; transform_styles_last_edited=&#8221;on|desktop&#8221; z_index=&#8221;17&#8243; width=&#8221;110px&#8221; height=&#8221;110px&#8221; custom_margin=&#8221;||0px||false|false&#8221; custom_padding=&#8221;||0px||false|false&#8221; transform_styles_tablet=&#8221;&#8221; transform_styles_phone=&#8221;&#8221; global_colors_info=&#8221;{}&#8221;][\/et_pb_image][et_pb_text _builder_version=&#8221;4.16&#8243; _module_preset=&#8221;b85b28af-9865-4fce-90de-27c421e93f66&#8243; header_3_font_size=&#8221;1.1em&#8221; custom_padding=&#8221;70px|7%||7%|false|true&#8221; global_colors_info=&#8221;{}&#8221;]<\/p>\n<h3>secretary<\/h3>\n<p>[\/et_pb_text][et_pb_text _builder_version=&#8221;4.24.0&#8243; _module_preset=&#8221;default&#8221; text_font=&#8221;Tiempos Headline Black||||||||&#8221; text_font_size=&#8221;16px&#8221; text_line_height=&#8221;1.1em&#8221; background_color=&#8221;gcid-950e6a19-45b6-4be9-bffe-4ec0fa9a99e4&#8243; background_color_gradient_start=&#8221;#ffffff&#8221; background_color_gradient_end=&#8221;gcid-c36b81ad-c14e-402f-b5f5-285214bb9288&#8243; min_height_tablet=&#8221;auto&#8221; min_height_phone=&#8221;auto&#8221; min_height_last_edited=&#8221;on|tablet&#8221; custom_margin=&#8221;-1px||0px||false|false&#8221; custom_padding=&#8221;9px|7%|0px|7%|false|true&#8221; custom_padding_tablet=&#8221;|5%|5%|5%|false|true&#8221; custom_padding_phone=&#8221;|3%|0%|3%|false|true&#8221; custom_padding_last_edited=&#8221;on|phone&#8221; text_font_size_tablet=&#8221;16px&#8221; text_font_size_phone=&#8221;20px&#8221; text_font_size_last_edited=&#8221;on|phone&#8221; global_colors_info=&#8221;{%22gcid-c36b81ad-c14e-402f-b5f5-285214bb9288%22:%91%22colorEnd%22,%22colorEnd%22,%22colorEnd%22%93,%22gcid-950e6a19-45b6-4be9-bffe-4ec0fa9a99e4%22:%91%22background_color%22%93}&#8221;]<\/p>\n<p><span style=\"background-image: linear-gradient(180deg,#ffffff 53%,#ffed00 53%);\">Jacqueline Cohen-Bacrie<\/span><\/p>\n<p>[\/et_pb_text][et_pb_text _builder_version=&#8221;4.24.0&#8243; _module_preset=&#8221;default&#8221; background_color=&#8221;#FFFFFF&#8221; min_height=&#8221;145px&#8221; min_height_tablet=&#8221;auto&#8221; min_height_phone=&#8221;auto&#8221; min_height_last_edited=&#8221;on|tablet&#8221; custom_margin=&#8221;-1px||0px||false|false&#8221; custom_padding=&#8221;18px|7%|10%|7%|false|true&#8221; custom_padding_tablet=&#8221;|5%|5%|5%|false|true&#8221; custom_padding_phone=&#8221;|3%|10%|3%|false|true&#8221; custom_padding_last_edited=&#8221;on|phone&#8221; global_colors_info=&#8221;{}&#8221;]<\/p>\n<p>Alumni Association representative<\/p>\n<p>[\/et_pb_text][\/et_pb_column][et_pb_column type=&#8221;1_4&#8243; _builder_version=&#8221;4.16&#8243; _module_preset=&#8221;default&#8221; global_colors_info=&#8221;{}&#8221;][et_pb_image src=&#8221;https:\/\/fondation-isae-supaero.org\/wp-content\/uploads\/2024\/01\/Arthur-Sejor_110x110_Fond_Blanc.png&#8221; align=&#8221;right&#8221; module_class=&#8221;has-border-yellow&#8221; _builder_version=&#8221;4.24.0&#8243; _module_preset=&#8221;default&#8221; transform_scale_tablet=&#8221;&#8221; transform_scale_phone=&#8221;&#8221; transform_scale_last_edited=&#8221;on|desktop&#8221; transform_translate=&#8221;0px|68px&#8221; transform_translate_tablet=&#8221;0px|68px&#8221; transform_translate_phone=&#8221;0px|68px&#8221; transform_translate_last_edited=&#8221;on|desktop&#8221; transform_translate_linked=&#8221;off&#8221; transform_rotate_tablet=&#8221;&#8221; transform_rotate_phone=&#8221;&#8221; transform_rotate_last_edited=&#8221;on|desktop&#8221; transform_skew_tablet=&#8221;&#8221; transform_skew_phone=&#8221;&#8221; transform_skew_last_edited=&#8221;on|desktop&#8221; transform_origin_tablet=&#8221;&#8221; transform_origin_phone=&#8221;&#8221; transform_origin_last_edited=&#8221;on|desktop&#8221; transform_styles_last_edited=&#8221;on|desktop&#8221; z_index=&#8221;17&#8243; width=&#8221;110px&#8221; height=&#8221;110px&#8221; custom_margin=&#8221;||0px||false|false&#8221; custom_padding=&#8221;||0px||false|false&#8221; transform_styles_tablet=&#8221;&#8221; transform_styles_phone=&#8221;&#8221; global_colors_info=&#8221;{}&#8221;][\/et_pb_image][et_pb_text _builder_version=&#8221;4.16&#8243; _module_preset=&#8221;b85b28af-9865-4fce-90de-27c421e93f66&#8243; header_3_font_size=&#8221;1.1em&#8221; custom_padding=&#8221;70px|7%||7%|false|true&#8221; global_colors_info=&#8221;{}&#8221;]<\/p>\n<h3>treasurer<\/h3>\n<p>[\/et_pb_text][et_pb_text _builder_version=&#8221;4.24.0&#8243; _module_preset=&#8221;default&#8221; text_font=&#8221;Tiempos Headline Black||||||||&#8221; text_font_size=&#8221;16px&#8221; text_line_height=&#8221;1.1em&#8221; background_color=&#8221;gcid-950e6a19-45b6-4be9-bffe-4ec0fa9a99e4&#8243; background_color_gradient_start=&#8221;#ffffff&#8221; background_color_gradient_end=&#8221;gcid-c36b81ad-c14e-402f-b5f5-285214bb9288&#8243; min_height_tablet=&#8221;auto&#8221; min_height_phone=&#8221;auto&#8221; min_height_last_edited=&#8221;on|tablet&#8221; custom_margin=&#8221;-1px||0px||false|false&#8221; custom_padding=&#8221;9px|7%|0px|7%|false|true&#8221; custom_padding_tablet=&#8221;|5%|5%|5%|false|true&#8221; custom_padding_phone=&#8221;|3%|0%|3%|false|true&#8221; custom_padding_last_edited=&#8221;on|phone&#8221; text_font_size_tablet=&#8221;16px&#8221; text_font_size_phone=&#8221;20px&#8221; text_font_size_last_edited=&#8221;on|phone&#8221; global_colors_info=&#8221;{%22gcid-c36b81ad-c14e-402f-b5f5-285214bb9288%22:%91%22colorEnd%22,%22colorEnd%22,%22colorEnd%22%93,%22gcid-950e6a19-45b6-4be9-bffe-4ec0fa9a99e4%22:%91%22background_color%22%93}&#8221;]<\/p>\n<p><span style=\"background-image: linear-gradient(180deg,#ffffff 53%,#ffed00 53%);\">Arthur S\u00e9jor<\/span><\/p>\n<p>[\/et_pb_text][et_pb_text _builder_version=&#8221;4.24.0&#8243; _module_preset=&#8221;default&#8221; background_color=&#8221;#FFFFFF&#8221; min_height=&#8221;145px&#8221; min_height_tablet=&#8221;auto&#8221; min_height_phone=&#8221;auto&#8221; min_height_last_edited=&#8221;on|tablet&#8221; height=&#8221;95px&#8221; custom_margin=&#8221;-1px||0px||false|false&#8221; custom_padding=&#8221;18px|7%|10%|7%|false|true&#8221; custom_padding_tablet=&#8221;|5%|5%|5%|false|true&#8221; custom_padding_phone=&#8221;|3%|10%|3%|false|true&#8221; custom_padding_last_edited=&#8221;on|phone&#8221; global_colors_info=&#8221;{}&#8221;]<\/p>\n<p>Associate Director, Archery Strategy Consulting<\/p>\n<p>[\/et_pb_text][\/et_pb_column][\/et_pb_row][et_pb_row _builder_version=&#8221;4.16&#8243; _module_preset=&#8221;default&#8221; global_colors_info=&#8221;{}&#8221;][et_pb_column type=&#8221;4_4&#8243; _builder_version=&#8221;4.16&#8243; _module_preset=&#8221;default&#8221; global_colors_info=&#8221;{}&#8221;][et_pb_button button_url=&#8221;@ET-DC@eyJkeW5hbWljIjp0cnVlLCJjb250ZW50IjoicG9zdF9saW5rX3VybF9wYWdlIiwic2V0dGluZ3MiOnsicG9zdF9pZCI6IjI5MiIsImVuYWJsZV9odG1sIjoib2ZmIn19@&#8221; button_text=&#8221;contact a member of the office&#8221; _builder_version=&#8221;4.16&#8243; _dynamic_attributes=&#8221;button_url&#8221; _module_preset=&#8221;e453d3f2-a388-4ce0-882b-92633bdb7087&#8243; custom_button=&#8221;on&#8221; global_colors_info=&#8221;{}&#8221;][\/et_pb_button][\/et_pb_column][\/et_pb_row][et_pb_row column_structure=&#8221;1_3,2_3&#8243; _builder_version=&#8221;4.16&#8243; _module_preset=&#8221;default&#8221; custom_margin=&#8221;120px||||false|false&#8221; custom_margin_tablet=&#8221;120px||||false|false&#8221; custom_margin_phone=&#8221;80px||||false|false&#8221; custom_margin_last_edited=&#8221;on|phone&#8221; global_colors_info=&#8221;{}&#8221;][et_pb_column type=&#8221;1_3&#8243; _builder_version=&#8221;4.16&#8243; _module_preset=&#8221;default&#8221; global_colors_info=&#8221;{}&#8221;][et_pb_text _builder_version=&#8221;4.16&#8243; _module_preset=&#8221;default&#8221; header_2_font=&#8221;|||on|||||&#8221; header_2_font_size=&#8221;1.2em&#8221; header_2_line_height=&#8221;1.2em&#8221; max_width=&#8221;287px&#8221; module_alignment=&#8221;left&#8221; custom_margin=&#8221;30px||||false|false&#8221; custom_margin_tablet=&#8221;0px||||false|false&#8221; custom_margin_phone=&#8221;0px||||false|false&#8221; custom_margin_last_edited=&#8221;on|tablet&#8221; global_colors_info=&#8221;{}&#8221;]<\/p>\n<h2>college of founders<\/h2>\n<p>[\/et_pb_text][\/et_pb_column][et_pb_column type=&#8221;2_3&#8243; _builder_version=&#8221;4.16&#8243; _module_preset=&#8221;default&#8221; global_colors_info=&#8221;{}&#8221;][et_pb_text _builder_version=&#8221;4.27.4&#8243; _module_preset=&#8221;default&#8221; ul_line_height=&#8221;1.6em&#8221; custom_padding=&#8221;30px||||false|false&#8221; border_width_top=&#8221;2px&#8221; border_color_top=&#8221;gcid-cbcef012-862c-4867-889e-8f8aada6e9fa&#8221; global_colors_info=&#8221;{%22gcid-cbcef012-862c-4867-889e-8f8aada6e9fa%22:%91%22border_color_top%22%93}&#8221;]<\/p>\n<ul>\n<li> <span style=\"font-family: 'tiempos headline black';\"> Jacqueline Cohen-Bacrie (S 1981),<\/span> representing the ISAE SUPAERO ENSICA Alumni Association<\/li>\n<li><span style=\"font-family: 'tiempos headline black';\">Marie-H\u00e9l\u00e8ne Baroux (S 1993 M),<\/span> representing ISAE-SUPAERO<\/li>\n<li><span style=\"font-family: 'tiempos headline black';\">Jean-Pierre Devaux (S 1985),<\/span> SAE representative<\/li>\n<\/ul>\n<p>[\/et_pb_text][\/et_pb_column][\/et_pb_row][et_pb_row column_structure=&#8221;1_3,2_3&#8243; _builder_version=&#8221;4.16&#8243; _module_preset=&#8221;default&#8221; custom_margin=&#8221;12px|auto||auto|false|false&#8221; custom_margin_tablet=&#8221;80px|auto||auto|false|false&#8221; custom_margin_phone=&#8221;60px|auto||auto|false|false&#8221; custom_margin_last_edited=&#8221;on|tablet&#8221; global_colors_info=&#8221;{}&#8221;][et_pb_column type=&#8221;1_3&#8243; _builder_version=&#8221;4.16&#8243; _module_preset=&#8221;default&#8221; global_colors_info=&#8221;{}&#8221;][et_pb_text _builder_version=&#8221;4.27.4&#8243; _module_preset=&#8221;default&#8221; header_2_font=&#8221;|||on|||||&#8221; header_2_font_size=&#8221;1.2em&#8221; header_2_line_height=&#8221;1.2em&#8221; max_width=&#8221;287px&#8221; module_alignment=&#8221;left&#8221; custom_margin=&#8221;30px||||false|false&#8221; custom_margin_tablet=&#8221;0px||||false|false&#8221; custom_margin_phone=&#8221;0px||||false|false&#8221; custom_margin_last_edited=&#8221;on|tablet&#8221; global_colors_info=&#8221;{}&#8221;]<\/p>\n<h2>college of institutional partners<\/h2>\n<p>[\/et_pb_text][\/et_pb_column][et_pb_column type=&#8221;2_3&#8243; _builder_version=&#8221;4.16&#8243; _module_preset=&#8221;default&#8221; global_colors_info=&#8221;{}&#8221;][et_pb_text _builder_version=&#8221;4.27.4&#8243; _module_preset=&#8221;default&#8221; ul_line_height=&#8221;1.6em&#8221; custom_padding=&#8221;30px||||false|false&#8221; border_width_top=&#8221;2px&#8221; border_color_top=&#8221;gcid-cbcef012-862c-4867-889e-8f8aada6e9fa&#8221; global_colors_info=&#8221;{%22gcid-cbcef012-862c-4867-889e-8f8aada6e9fa%22:%91%22border_color_top%22%93}&#8221;]<\/p>\n<ul>\n<li><span style=\"font-family: 'tiempos headline black';\">Bruno Darboux (S 1985),<\/span> representing A\u00e9rospace Valley<\/li>\n<li><span style=\"font-family: 'tiempos headline black';\">Fran\u00e7ois Jacq,<\/span> representing CNES<\/li>\n<\/ul>\n<p>[\/et_pb_text][\/et_pb_column][\/et_pb_row][et_pb_row column_structure=&#8221;1_3,2_3&#8243; _builder_version=&#8221;4.16&#8243; _module_preset=&#8221;default&#8221; custom_margin=&#8221;12px|auto||auto|false|false&#8221; custom_margin_tablet=&#8221;80px|auto||auto|false|false&#8221; custom_margin_phone=&#8221;60px|auto||auto|false|false&#8221; custom_margin_last_edited=&#8221;on|tablet&#8221; global_colors_info=&#8221;{}&#8221;][et_pb_column type=&#8221;1_3&#8243; _builder_version=&#8221;4.16&#8243; _module_preset=&#8221;default&#8221; global_colors_info=&#8221;{}&#8221;][et_pb_text _builder_version=&#8221;4.27.4&#8243; _module_preset=&#8221;default&#8221; header_2_font=&#8221;|||on|||||&#8221; header_2_font_size=&#8221;1.2em&#8221; header_2_line_height=&#8221;1.2em&#8221; max_width=&#8221;287px&#8221; module_alignment=&#8221;left&#8221; custom_margin=&#8221;30px||||false|false&#8221; custom_margin_tablet=&#8221;0px||||false|false&#8221; custom_margin_phone=&#8221;0px||||false|false&#8221; custom_margin_last_edited=&#8221;on|tablet&#8221; global_colors_info=&#8221;{}&#8221;]<\/p>\n<h2>college of donors and sponsors<\/h2>\n<p>[\/et_pb_text][\/et_pb_column][et_pb_column type=&#8221;2_3&#8243; _builder_version=&#8221;4.16&#8243; _module_preset=&#8221;default&#8221; global_colors_info=&#8221;{}&#8221;][et_pb_text _builder_version=&#8221;4.27.4&#8243; _module_preset=&#8221;default&#8221; ul_line_height=&#8221;1.6em&#8221; custom_padding=&#8221;30px||||false|false&#8221; border_width_top=&#8221;2px&#8221; border_color_top=&#8221;gcid-cbcef012-862c-4867-889e-8f8aada6e9fa&#8221; global_colors_info=&#8221;{%22gcid-cbcef012-862c-4867-889e-8f8aada6e9fa%22:%91%22border_color_top%22%93}&#8221;]<\/p>\n<ul>\n<li><span style=\"font-family: 'tiempos headline black';\">St\u00e9phane Albernhe (S 1991),<\/span> from ARCHERY STRATEGY CONSULTING<\/li>\n<li><span style=\"font-family: 'tiempos headline black';\">Philippe Dujaric,<\/span> representing GIFAS<\/li>\n<li><strong><span style=\"font-family: 'tiempos headline black';\">Pascal Picavet (S 1990),<\/span><\/strong> Safran representative<\/li>\n<\/ul>\n<p>[\/et_pb_text][\/et_pb_column][\/et_pb_row][et_pb_row column_structure=&#8221;1_3,2_3&#8243; _builder_version=&#8221;4.16&#8243; _module_preset=&#8221;default&#8221; custom_margin=&#8221;12px|auto||auto|false|false&#8221; custom_margin_tablet=&#8221;80px|auto||auto|false|false&#8221; custom_margin_phone=&#8221;60px|auto||auto|false|false&#8221; custom_margin_last_edited=&#8221;on|tablet&#8221; global_colors_info=&#8221;{}&#8221;][et_pb_column type=&#8221;1_3&#8243; _builder_version=&#8221;4.16&#8243; _module_preset=&#8221;default&#8221; global_colors_info=&#8221;{}&#8221;][et_pb_text _builder_version=&#8221;4.16&#8243; _module_preset=&#8221;default&#8221; header_2_font=&#8221;|||on|||||&#8221; header_2_font_size=&#8221;1.2em&#8221; header_2_line_height=&#8221;1.2em&#8221; max_width=&#8221;287px&#8221; module_alignment=&#8221;left&#8221; custom_margin=&#8221;30px||||false|false&#8221; custom_margin_tablet=&#8221;0px||||false|false&#8221; custom_margin_phone=&#8221;0px||||false|false&#8221; custom_margin_last_edited=&#8221;on|tablet&#8221; global_colors_info=&#8221;{}&#8221;]<\/p>\n<h2>college of qualified personalities<\/h2>\n<p>[\/et_pb_text][\/et_pb_column][et_pb_column type=&#8221;2_3&#8243; _builder_version=&#8221;4.16&#8243; _module_preset=&#8221;default&#8221; global_colors_info=&#8221;{}&#8221;][et_pb_text _builder_version=&#8221;4.27.4&#8243; _module_preset=&#8221;default&#8221; ul_line_height=&#8221;1.6em&#8221; custom_padding=&#8221;30px||||false|false&#8221; border_width_top=&#8221;2px&#8221; border_color_top=&#8221;gcid-cbcef012-862c-4867-889e-8f8aada6e9fa&#8221; global_colors_info=&#8221;{%22gcid-cbcef012-862c-4867-889e-8f8aada6e9fa%22:%91%22border_color_top%22%93}&#8221;]<\/p>\n<ul>\n<li><span style=\"font-family: 'tiempos headline black';\">Isabelle Bloy (S 2001),<\/span> AIRBUS Group<\/li>\n<li><span style=\"font-family: 'tiempos headline black';\">In\u00e8s Belgacem (S 2016),<\/span> Science Operation Scientist at ESA<\/li>\n<li><span style=\"font-family: 'tiempos headline black';\">Diego Diaz (S 1992),<\/span> Chairman SNCF International<\/li>\n<li><span style=\"font-family: 'tiempos headline black';\">Thierry Fautrel (S 1986),<\/span> from the DASSAULT AVIATION group<\/li>\n<li><span style=\"font-family: 'tiempos headline black';\">Pierre Fossier,<\/span> THALES Group<\/li>\n<li><span style=\"font-family: 'tiempos headline black';\">Arthur S\u00e9jor (S 2009),<\/span> ARCHERY STRATEGY CONSULTING<\/li>\n<\/ul>\n<p>[\/et_pb_text][\/et_pb_column][\/et_pb_row][et_pb_row column_structure=&#8221;1_3,2_3&#8243; _builder_version=&#8221;4.16&#8243; _module_preset=&#8221;default&#8221; background_enable_image=&#8221;off&#8221; background_size=&#8221;initial&#8221; background_position=&#8221;bottom_left&#8221; custom_margin=&#8221;12px|auto||auto|false|false&#8221; custom_margin_tablet=&#8221;80px|auto||auto|false|false&#8221; custom_margin_phone=&#8221;60px|auto||auto|false|false&#8221; custom_margin_last_edited=&#8221;on|tablet&#8221; background_last_edited=&#8221;on|tablet&#8221; background_enable_image_tablet=&#8221;off&#8221; global_colors_info=&#8221;{}&#8221;][et_pb_column type=&#8221;1_3&#8243; _builder_version=&#8221;4.16&#8243; _module_preset=&#8221;default&#8221; global_colors_info=&#8221;{}&#8221;][et_pb_text _builder_version=&#8221;4.16&#8243; _module_preset=&#8221;default&#8221; header_2_font=&#8221;|||on|||||&#8221; header_2_font_size=&#8221;1.2em&#8221; header_2_line_height=&#8221;1.2em&#8221; max_width=&#8221;287px&#8221; module_alignment=&#8221;left&#8221; custom_margin=&#8221;30px||||false|false&#8221; custom_margin_tablet=&#8221;0px||||false|false&#8221; custom_margin_phone=&#8221;0px||||false|false&#8221; custom_margin_last_edited=&#8221;on|tablet&#8221; global_colors_info=&#8221;{}&#8221;]<\/p>\n<h2>government commissioner<\/h2>\n<p>[\/et_pb_text][\/et_pb_column][et_pb_column type=&#8221;2_3&#8243; _builder_version=&#8221;4.16&#8243; _module_preset=&#8221;default&#8221; global_colors_info=&#8221;{}&#8221;][et_pb_text _builder_version=&#8221;4.16&#8243; _module_preset=&#8221;default&#8221; ul_line_height=&#8221;1.6em&#8221; custom_padding=&#8221;30px||||false|false&#8221; border_width_top=&#8221;2px&#8221; border_color_top=&#8221;gcid-cbcef012-862c-4867-889e-8f8aada6e9fa&#8221; global_colors_info=&#8221;{%22gcid-cbcef012-862c-4867-889e-8f8aada6e9fa%22:%91%22border_color_top%22%93}&#8221;]<\/p>\n<ul>\n<li><span style=\"font-family: 'tiempos headline black';\">Prefect of the Occitanie\/Pyr\u00e9n\u00e9es-M\u00e9diterran\u00e9e region,<\/span> Prefect of Haute-Garonne, represented by Mrs Marianne Peyrot, <span>Director of the Occitanie Academic Region for<\/span><span> Research and Innovation<\/span><\/li>\n<\/ul>\n<p>[\/et_pb_text][\/et_pb_column][\/et_pb_row][\/et_pb_section][et_pb_section fb_built=&#8221;1&#8243; custom_padding_last_edited=&#8221;on|tablet&#8221; _builder_version=&#8221;4.16&#8243; _module_preset=&#8221;default&#8221; background_image=&#8221;http:\/\/fondation-isae-supaero.org\/wp-content\/uploads\/2022\/03\/pointilles.svg&#8221; background_size=&#8221;initial&#8221; background_repeat=&#8221;repeat-y&#8221; z_index=&#8221;0&#8243; custom_padding=&#8221;0%||101px||false|false&#8221; custom_padding_tablet=&#8221;0%||||false|false&#8221; custom_padding_phone=&#8221;0%||80px||false|false&#8221; global_colors_info=&#8221;{%22gcid-cbcef012-862c-4867-889e-8f8aada6e9fa%22:%91%22background_color%22%93}&#8221;][et_pb_row _builder_version=&#8221;4.16&#8243; _module_preset=&#8221;default&#8221; global_colors_info=&#8221;{}&#8221;][et_pb_column type=&#8221;4_4&#8243; _builder_version=&#8221;4.16&#8243; _module_preset=&#8221;default&#8221; global_colors_info=&#8221;{}&#8221;][et_pb_image src=&#8221;http:\/\/fondation-isae-supaero.org\/wp-content\/uploads\/2022\/03\/losange-blanc.svg&#8221; align=&#8221;center&#8221; _builder_version=&#8221;4.16&#8243; _module_preset=&#8221;default&#8221; custom_margin=&#8221;-39px||||false|false&#8221; custom_margin_tablet=&#8221;-39px||0px||false|false&#8221; custom_margin_phone=&#8221;-39px||0px||false|false&#8221; custom_margin_last_edited=&#8221;on|tablet&#8221; custom_padding_tablet=&#8221;||0px||false|false&#8221; custom_padding_phone=&#8221;||0px||false|false&#8221; custom_padding_last_edited=&#8221;on|tablet&#8221; global_colors_info=&#8221;{}&#8221;][\/et_pb_image][\/et_pb_column][\/et_pb_row][et_pb_row admin_label=&#8221;our commitments&#8221; _builder_version=&#8221;4.16&#8243; _module_preset=&#8221;default&#8221; background_enable_image=&#8221;off&#8221; background_size=&#8221;initial&#8221; background_position=&#8221;top_right&#8221; custom_margin=&#8221;7px|auto||auto|false|false&#8221; background_last_edited=&#8221;on|phone&#8221; background_enable_image_phone=&#8221;off&#8221; global_colors_info=&#8221;{}&#8221;][et_pb_column type=&#8221;4_4&#8243; _builder_version=&#8221;4.16&#8243; _module_preset=&#8221;default&#8221; global_colors_info=&#8221;{}&#8221;][et_pb_text _builder_version=&#8221;4.16&#8243; _module_preset=&#8221;73cde422-6bc7-4278-8c2d-f710a884f462&#8243; header_2_text_align=&#8221;center&#8221; background_image=&#8221;http:\/\/fondation-isae-supaero.org\/wp-content\/uploads\/2022\/04\/bleu-blanc.gif&#8221; background_size=&#8221;initial&#8221; background_position=&#8221;bottom_center&#8221; max_width=&#8221;500px&#8221; module_alignment=&#8221;center&#8221; custom_margin=&#8221;41px||0%||false|false&#8221; custom_margin_tablet=&#8221;50px||||false|false&#8221; custom_margin_phone=&#8221;40px||||false|false&#8221; custom_margin_last_edited=&#8221;on|tablet&#8221; custom_padding=&#8221;||40px||false|false&#8221; custom_padding_tablet=&#8221;||||false|false&#8221; custom_padding_phone=&#8221;||||false|false&#8221; custom_padding_last_edited=&#8221;on|tablet&#8221; header_2_font_size_phone=&#8221;1.8em&#8221; global_colors_info=&#8221;{}&#8221;]<\/p>\n<h2>advisory committees<\/h2>\n<p>[\/et_pb_text][\/et_pb_column][\/et_pb_row][et_pb_row column_structure=&#8221;1_3,2_3&#8243; _builder_version=&#8221;4.16&#8243; _module_preset=&#8221;default&#8221; custom_margin=&#8221;80px|auto||auto|false|false&#8221; global_colors_info=&#8221;{}&#8221;][et_pb_column type=&#8221;1_3&#8243; _builder_version=&#8221;4.16&#8243; _module_preset=&#8221;default&#8221; custom_padding=&#8221;|4%|||false|false&#8221; custom_padding_tablet=&#8221;|0%|||false|false&#8221; custom_padding_phone=&#8221;|0%|||false|false&#8221; custom_padding_last_edited=&#8221;on|tablet&#8221; global_colors_info=&#8221;{}&#8221;][et_pb_text _builder_version=&#8221;4.16&#8243; _module_preset=&#8221;default&#8221; header_2_font=&#8221;|||on|||||&#8221; header_2_font_size=&#8221;1.2em&#8221; header_2_line_height=&#8221;1.2em&#8221; max_width=&#8221;287px&#8221; module_alignment=&#8221;left&#8221; global_colors_info=&#8221;{}&#8221;]<\/p>\n<h2>project selection committee<\/h2>\n<p>[\/et_pb_text][\/et_pb_column][et_pb_column type=&#8221;2_3&#8243; _builder_version=&#8221;4.16&#8243; _module_preset=&#8221;default&#8221; global_colors_info=&#8221;{}&#8221;][et_pb_text _builder_version=&#8221;4.16&#8243; _module_preset=&#8221;default&#8221; global_colors_info=&#8221;{}&#8221;]<\/p>\n<p>It examines and selects the projects of eligible students, doctoral students and teacher-researchers according to the selection criteria, with a view to awarding support from the Foundation.<\/p>\n<p>[\/et_pb_text][et_pb_toggle title=&#8221;composition&#8221; open_toggle_text_color=&#8221;gcid-cbcef012-862c-4867-889e-8f8aada6e9fa&#8221; open_toggle_background_color=&#8221;RGBA(255,255,255,0)&#8221; closed_toggle_text_color=&#8221;gcid-cbcef012-862c-4867-889e-8f8aada6e9fa&#8221; closed_toggle_background_color=&#8221;RGBA(255,255,255,0)&#8221; icon_color=&#8221;gcid-cbcef012-862c-4867-889e-8f8aada6e9fa&#8221; toggle_icon=&#8221;&#x4c;||divi||400&#8243; use_icon_font_size=&#8221;on&#8221; icon_font_size=&#8221;24px&#8221; open_icon_color=&#8221;gcid-cbcef012-862c-4867-889e-8f8aada6e9fa&#8221; open_toggle_icon=&#8221;&#x4b;||divi||400&#8243; open_use_icon_font_size=&#8221;on&#8221; open_icon_font_size=&#8221;24px&#8221; _builder_version=&#8221;4.27.4&#8243; _module_preset=&#8221;default&#8221; title_text_color=&#8221;gcid-cbcef012-862c-4867-889e-8f8aada6e9fa&#8221; title_level=&#8221;h3&#8243; title_font=&#8221;|||on|||||&#8221; title_font_size=&#8221;1em&#8221; title_line_height=&#8221;1.2em&#8221; closed_title_font=&#8221;|||on|||||&#8221; closed_title_font_size=&#8221;1em&#8221; closed_title_line_height=&#8221;1.2em&#8221; body_ul_line_height=&#8221;1.6em&#8221; custom_padding=&#8221;30px|20px|30px|0px|true|false&#8221; border_width_all=&#8221;0px&#8221; border_width_top=&#8221;2px&#8221; border_color_top=&#8221;gcid-cbcef012-862c-4867-889e-8f8aada6e9fa&#8221; border_width_bottom=&#8221;2px&#8221; border_color_bottom=&#8221;gcid-cbcef012-862c-4867-889e-8f8aada6e9fa&#8221; border_width_bottom_tablet=&#8221;&#8221; border_width_bottom_phone=&#8221;2px&#8221; border_width_bottom_last_edited=&#8221;on|phone&#8221; global_colors_info=&#8221;{%22gcid-cbcef012-862c-4867-889e-8f8aada6e9fa%22:%91%22icon_color%22,%22open_icon_color%22,%22open_toggle_text_color%22,%22title_text_color%22,%22closed_toggle_text_color%22,%22border_color_top%22,%22border_color_bottom%22%93}&#8221;]<\/p>\n<ul>\n<li><span style=\"font-family: 'tiempos headline black';\">Fran\u00e7ois Baltzinger,<\/span> (S 1986) Marketing and Strategy Director, DASSAULT AVIATION<\/li>\n<li><span style=\"font-family: 'tiempos headline black';\">Bruno Darboux,<\/span> (S1985) VP Systems Strategy program Engineering, AIRBUS<\/li>\n<li><span style=\"font-family: 'tiempos headline black';\">Bruno Fargeon, <\/span>(S 1988) Head of A350 Development, Engineering, AIRBUS, and Board rapporteur<\/li>\n<li><span style=\"font-family: 'tiempos headline black';\">Marc Gatti,<\/span> Director Avionics R&amp;T and Academics-Associate professor, THALES AVIONICS<\/li>\n<li><span style=\"font-family: 'tiempos headline black';\">Jean-Louis Marc\u00e9,<\/span> (S 1971) Active Foundation volunteer, former Director of the CNES Guiana Space Center<\/li>\n<li><span style=\"font-family: 'tiempos headline black';\">\u00c9ric Portejoie, <\/span>(S 1987) Vice President, Military Engine Strategy, SAFRAN<\/li>\n<li><span style=\"font-family: 'tiempos headline black';\">Arthur S\u00e9jor,<\/span> (S 2009) Treasurer of the ISAE-SUPAERO Foundation<\/li>\n<\/ul>\n<p>[\/et_pb_toggle][\/et_pb_column][\/et_pb_row][et_pb_row column_structure=&#8221;1_3,2_3&#8243; _builder_version=&#8221;4.16&#8243; _module_preset=&#8221;default&#8221; custom_margin=&#8221;80px|auto||auto|false|false&#8221; global_colors_info=&#8221;{}&#8221;][et_pb_column type=&#8221;1_3&#8243; _builder_version=&#8221;4.16&#8243; _module_preset=&#8221;default&#8221; custom_padding=&#8221;|4%|||false|false&#8221; custom_padding_tablet=&#8221;|0%|||false|false&#8221; custom_padding_phone=&#8221;|0%|||false|false&#8221; custom_padding_last_edited=&#8221;on|tablet&#8221; global_colors_info=&#8221;{}&#8221;][et_pb_text _builder_version=&#8221;4.16&#8243; _module_preset=&#8221;default&#8221; header_2_font=&#8221;|||on|||||&#8221; header_2_font_size=&#8221;1.2em&#8221; header_2_line_height=&#8221;1.2em&#8221; max_width=&#8221;287px&#8221; module_alignment=&#8221;left&#8221; global_colors_info=&#8221;{}&#8221;]<\/p>\n<h2>financial management committee<\/h2>\n<p>[\/et_pb_text][\/et_pb_column][et_pb_column type=&#8221;2_3&#8243; _builder_version=&#8221;4.16&#8243; _module_preset=&#8221;default&#8221; global_colors_info=&#8221;{}&#8221;][et_pb_text _builder_version=&#8221;4.16&#8243; _module_preset=&#8221;default&#8221; global_colors_info=&#8221;{}&#8221;]<\/p>\n<p>This committee is composed of the Treasurer of the Foundation and qualified personalities. It is in charge of advising on the management of the funds collected and the financial investments of the funds allocated to equity and projects.<\/p>\n<p>[\/et_pb_text][et_pb_toggle title=&#8221;composition&#8221; open_toggle_text_color=&#8221;gcid-cbcef012-862c-4867-889e-8f8aada6e9fa&#8221; open_toggle_background_color=&#8221;RGBA(255,255,255,0)&#8221; closed_toggle_text_color=&#8221;gcid-cbcef012-862c-4867-889e-8f8aada6e9fa&#8221; closed_toggle_background_color=&#8221;RGBA(255,255,255,0)&#8221; icon_color=&#8221;gcid-cbcef012-862c-4867-889e-8f8aada6e9fa&#8221; toggle_icon=&#8221;&#x4c;||divi||400&#8243; use_icon_font_size=&#8221;on&#8221; icon_font_size=&#8221;24px&#8221; open_icon_color=&#8221;gcid-cbcef012-862c-4867-889e-8f8aada6e9fa&#8221; open_toggle_icon=&#8221;&#x4b;||divi||400&#8243; open_use_icon_font_size=&#8221;on&#8221; open_icon_font_size=&#8221;24px&#8221; _builder_version=&#8221;4.21.0&#8243; _module_preset=&#8221;default&#8221; title_text_color=&#8221;gcid-cbcef012-862c-4867-889e-8f8aada6e9fa&#8221; title_level=&#8221;h3&#8243; title_font=&#8221;|||on|||||&#8221; title_font_size=&#8221;1em&#8221; title_line_height=&#8221;1.2em&#8221; closed_title_font=&#8221;|||on|||||&#8221; closed_title_font_size=&#8221;1em&#8221; closed_title_line_height=&#8221;1.2em&#8221; body_ul_line_height=&#8221;1.6em&#8221; custom_padding=&#8221;30px|20px|30px|0px|true|false&#8221; border_width_all=&#8221;0px&#8221; border_width_top=&#8221;2px&#8221; border_color_top=&#8221;gcid-cbcef012-862c-4867-889e-8f8aada6e9fa&#8221; border_width_bottom=&#8221;2px&#8221; border_color_bottom=&#8221;gcid-cbcef012-862c-4867-889e-8f8aada6e9fa&#8221; border_width_bottom_tablet=&#8221;&#8221; border_width_bottom_phone=&#8221;2px&#8221; border_width_bottom_last_edited=&#8221;on|phone&#8221; global_colors_info=&#8221;{%22gcid-cbcef012-862c-4867-889e-8f8aada6e9fa%22:%91%22icon_color%22,%22open_icon_color%22,%22open_toggle_text_color%22,%22title_text_color%22,%22closed_toggle_text_color%22,%22border_color_top%22,%22border_color_bottom%22%93}&#8221;]<\/p>\n<ul>\n<li><span style=\"font-family: 'tiempos headline black';\">Jean-Yves Helmer,<\/span> President, H INVESTMENTS CONSEILS<\/li>\n<li><span style=\"font-family: 'tiempos headline black';\">Xavier Lagarde,<\/span> Director, SAFRAN<\/li>\n<li><span style=\"font-family: 'tiempos headline black';\">Jean-Louis Marc\u00e9,<\/span> active Foundation volunteer, former Director of the CNES Guiana Space Center <\/li>\n<li><span style=\"font-family: 'tiempos headline black';\">Pascal Picavet,<\/span> Vice President &#8211; Head of Mergers &amp; Acquisitions and Corporate Development, SAFRAN<\/li>\n<li><span style=\"font-family: 'tiempos headline black';\">Arthur S\u00e9jor,<\/span> Treasurer, ISAE-SUPAERO Foundation<\/li>\n<\/ul>\n<p>[\/et_pb_toggle][\/et_pb_column][\/et_pb_row][\/et_pb_section][et_pb_section fb_built=&#8221;1&#8243; custom_padding_last_edited=&#8221;on|tablet&#8221; _builder_version=&#8221;4.16&#8243; _module_preset=&#8221;default&#8221; background_color=&#8221;gcid-cbcef012-862c-4867-889e-8f8aada6e9fa&#8221; background_enable_color=&#8221;on&#8221; background_image=&#8221;http:\/\/fondation-isae-supaero.org\/wp-content\/uploads\/2022\/03\/pointilles_white.svg&#8221; background_size=&#8221;initial&#8221; background_repeat=&#8221;repeat-y&#8221; z_index=&#8221;0&#8243; custom_padding=&#8221;0%||101px||false|false&#8221; custom_padding_tablet=&#8221;0%||||false|false&#8221; custom_padding_phone=&#8221;0%||80px||false|false&#8221; global_colors_info=&#8221;{%22gcid-cbcef012-862c-4867-889e-8f8aada6e9fa%22:%91%22background_color%22%93}&#8221;][et_pb_row _builder_version=&#8221;4.16&#8243; _module_preset=&#8221;default&#8221; global_colors_info=&#8221;{}&#8221;][et_pb_column type=&#8221;4_4&#8243; _builder_version=&#8221;4.16&#8243; _module_preset=&#8221;default&#8221; global_colors_info=&#8221;{}&#8221;][et_pb_image src=&#8221;http:\/\/fondation-isae-supaero.org\/wp-content\/uploads\/2022\/03\/losange-blanc.svg&#8221; align=&#8221;center&#8221; _builder_version=&#8221;4.16&#8243; _module_preset=&#8221;default&#8221; custom_margin=&#8221;-39px||||false|false&#8221; custom_margin_tablet=&#8221;-39px||0px||false|false&#8221; custom_margin_phone=&#8221;-39px||0px||false|false&#8221; custom_margin_last_edited=&#8221;on|tablet&#8221; custom_padding_tablet=&#8221;||0px||false|false&#8221; custom_padding_phone=&#8221;||0px||false|false&#8221; custom_padding_last_edited=&#8221;on|tablet&#8221; global_colors_info=&#8221;{}&#8221;][\/et_pb_image][\/et_pb_column][\/et_pb_row][et_pb_row admin_label=&#8221;our commitments&#8221; _builder_version=&#8221;4.16&#8243; _module_preset=&#8221;default&#8221; background_enable_image=&#8221;off&#8221; background_size=&#8221;initial&#8221; background_position=&#8221;top_right&#8221; custom_margin=&#8221;7px|auto||auto|false|false&#8221; background_last_edited=&#8221;on|phone&#8221; background_enable_image_phone=&#8221;off&#8221; global_colors_info=&#8221;{}&#8221;][et_pb_column type=&#8221;4_4&#8243; _builder_version=&#8221;4.16&#8243; _module_preset=&#8221;default&#8221; global_colors_info=&#8221;{}&#8221;][et_pb_text _builder_version=&#8221;4.16&#8243; _module_preset=&#8221;73cde422-6bc7-4278-8c2d-f710a884f462&#8243; header_2_text_align=&#8221;center&#8221; background_image=&#8221;http:\/\/fondation-isae-supaero.org\/wp-content\/uploads\/2022\/04\/point-long.gif&#8221; background_size=&#8221;initial&#8221; background_position=&#8221;bottom_center&#8221; max_width=&#8221;600px&#8221; module_alignment=&#8221;center&#8221; custom_margin=&#8221;41px||0%||false|false&#8221; custom_margin_tablet=&#8221;50px||||false|false&#8221; custom_margin_phone=&#8221;40px||||false|false&#8221; custom_margin_last_edited=&#8221;on|tablet&#8221; custom_padding=&#8221;||40px||false|false&#8221; custom_padding_tablet=&#8221;||||false|false&#8221; custom_padding_phone=&#8221;||||false|false&#8221; custom_padding_last_edited=&#8221;on|tablet&#8221; header_2_font_size_phone=&#8221;1.8em&#8221; global_colors_info=&#8221;{}&#8221;]<\/p>\n<h2>operational support<\/h2>\n<p>[\/et_pb_text][\/et_pb_column][\/et_pb_row][et_pb_row column_structure=&#8221;1_3,2_3&#8243; _builder_version=&#8221;4.16&#8243; _module_preset=&#8221;default&#8221; custom_margin=&#8221;80px|auto||auto|false|false&#8221; global_colors_info=&#8221;{}&#8221;][et_pb_column type=&#8221;1_3&#8243; _builder_version=&#8221;4.16&#8243; _module_preset=&#8221;default&#8221; custom_padding=&#8221;|4%|||false|false&#8221; custom_padding_tablet=&#8221;|0%|||false|false&#8221; custom_padding_phone=&#8221;|0%|||false|false&#8221; custom_padding_last_edited=&#8221;on|tablet&#8221; global_colors_info=&#8221;{}&#8221;][et_pb_text _builder_version=&#8221;4.16&#8243; _module_preset=&#8221;default&#8221; header_2_font=&#8221;|||on|||||&#8221; header_2_font_size=&#8221;1.2em&#8221; header_2_line_height=&#8221;1.2em&#8221; max_width=&#8221;287px&#8221; module_alignment=&#8221;left&#8221; global_colors_info=&#8221;{}&#8221;]<\/p>\n<h2>ambassadors committee<\/h2>\n<p>[\/et_pb_text][\/et_pb_column][et_pb_column type=&#8221;2_3&#8243; _builder_version=&#8221;4.16&#8243; _module_preset=&#8221;default&#8221; global_colors_info=&#8221;{}&#8221;][et_pb_text _builder_version=&#8221;4.16&#8243; _module_preset=&#8221;default&#8221; global_colors_info=&#8221;{}&#8221;]<\/p>\n<p>Since June 2021, the Committee of Ambassadors has brought together personalities who are strongly committed to the Foundation in order to multiply the efforts of its development team, alongside the Foundation&#8217;s governance and the Institute&#8217;s management. We thank them warmly for their enthusiasm and their time.<\/p>\n<p>[\/et_pb_text][et_pb_toggle title=&#8221;composition&#8221; open_toggle_text_color=&#8221;gcid-e7796924-c5e5-4680-bc39-a63ddcdeea33&#8243; open_toggle_background_color=&#8221;RGBA(255,255,255,0)&#8221; closed_toggle_text_color=&#8221;gcid-e7796924-c5e5-4680-bc39-a63ddcdeea33&#8243; closed_toggle_background_color=&#8221;RGBA(255,255,255,0)&#8221; icon_color=&#8221;gcid-e7796924-c5e5-4680-bc39-a63ddcdeea33&#8243; toggle_icon=&#8221;&#x4c;||divi||400&#8243; use_icon_font_size=&#8221;on&#8221; icon_font_size=&#8221;24px&#8221; open_icon_color=&#8221;gcid-e7796924-c5e5-4680-bc39-a63ddcdeea33&#8243; open_toggle_icon=&#8221;&#x4b;||divi||400&#8243; open_use_icon_font_size=&#8221;on&#8221; open_icon_font_size=&#8221;24px&#8221; _builder_version=&#8221;4.27.4&#8243; _module_preset=&#8221;default&#8221; title_text_color=&#8221;gcid-e7796924-c5e5-4680-bc39-a63ddcdeea33&#8243; title_level=&#8221;h3&#8243; title_font=&#8221;|||on|||||&#8221; title_font_size=&#8221;1em&#8221; title_line_height=&#8221;1.2em&#8221; closed_title_font=&#8221;|||on|||||&#8221; closed_title_font_size=&#8221;1em&#8221; closed_title_line_height=&#8221;1.2em&#8221; body_ul_line_height=&#8221;1.6em&#8221; custom_padding=&#8221;30px|20px|30px|0px|true|false&#8221; hover_enabled=&#8221;0&#8243; border_width_all=&#8221;0px&#8221; border_width_top=&#8221;2px&#8221; border_color_top=&#8221;gcid-e7796924-c5e5-4680-bc39-a63ddcdeea33&#8243; border_width_bottom=&#8221;2px&#8221; border_color_bottom=&#8221;gcid-e7796924-c5e5-4680-bc39-a63ddcdeea33&#8243; border_width_bottom_tablet=&#8221;&#8221; border_width_bottom_phone=&#8221;2px&#8221; border_width_bottom_last_edited=&#8221;on|phone&#8221; global_colors_info=&#8221;{%22gcid-e7796924-c5e5-4680-bc39-a63ddcdeea33%22:%91%22border_color_top%22,%22border_color_bottom%22,%22open_toggle_text_color%22,%22title_text_color%22,%22closed_toggle_text_color%22,%22icon_color%22,%22open_icon_color%22%93}&#8221; sticky_enabled=&#8221;0&#8243;]<\/p>\n<ul>\n<li><span style=\"font-family: 'tiempos headline black';\">Alain Bernard,<\/span> (S 1972)<\/li>\n<li><span style=\"font-family: 'tiempos headline black';\">Lucien Bour\u00e9ly,<\/span> (S 1962)<\/li>\n<li><span style=\"font-family: 'tiempos headline black';\">Diego Diaz,<\/span> (E 1992)<\/li>\n<li><span style=\"font-family: 'tiempos headline black';\">Jacques Lefevre,<\/span> (S 1984)<\/li>\n<li><span style=\"font-family: 'tiempos headline black';\">Beno\u00eet Petit,<\/span> (S 2001)<\/li>\n<li><span style=\"font-family: 'tiempos headline black';\">Bernard Ramanantsoa,<\/span> (S 1971)<\/li>\n<\/ul>\n<p>[\/et_pb_toggle][\/et_pb_column][\/et_pb_row][\/et_pb_section]<\/p>\n","protected":false},"excerpt":{"rendered":"<p>governanceThe governance of the Foundation is ensured in a rigorous and transparent manner by a Board of Directors which elects an Executive Committee and relies on the advice of two advisory committees. Directors and committee members serve as volunteers in the administration of the Foundation.board of directorspresidentSt\u00e9phane AlbernhePresident, Archery Strategy Consulting(S 1991)vice-presidentMarie-H\u00e9l\u00e8ne BarouxGeneral Manager, ISAE-SUPAERO(S [&hellip;]<\/p>\n","protected":false},"author":1,"featured_media":0,"parent":0,"menu_order":0,"comment_status":"closed","ping_status":"closed","template":"","meta":{"_acf_changed":false,"_et_pb_use_builder":"on","_et_pb_old_content":"","_et_gb_content_width":"","footnotes":""},"class_list":["post-7743","page","type-page","status-publish","hentry"],"acf":[],"yoast_head":"<!-- This site is optimized with the Yoast SEO plugin v26.6 - https:\/\/yoast.com\/wordpress\/plugins\/seo\/ -->\n<title>Governance - Fondation ISAE-SUPAERO<\/title>\n<meta name=\"description\" content=\"The governance of the Foundation is ensured in a rigorous and transparent manner by a Board of Directors which elects an Executive Committee and relies on the advice of two advisory committees.\" \/>\n<meta name=\"robots\" content=\"index, follow, max-snippet:-1, max-image-preview:large, max-video-preview:-1\" \/>\n<link rel=\"canonical\" href=\"https:\/\/fondation-isae-supaero.org\/en\/governance\/\" \/>\n<meta property=\"og:locale\" content=\"en_US\" \/>\n<meta property=\"og:type\" content=\"article\" \/>\n<meta property=\"og:title\" content=\"Governance - Fondation ISAE-SUPAERO\" \/>\n<meta property=\"og:description\" content=\"The governance of the Foundation is ensured in a rigorous and transparent manner by a Board of Directors which elects an Executive Committee and relies on the advice of two advisory committees.\" \/>\n<meta property=\"og:url\" content=\"https:\/\/fondation-isae-supaero.org\/en\/governance\/\" \/>\n<meta property=\"og:site_name\" content=\"Fondation ISAE-SUPAERO\" \/>\n<meta property=\"article:modified_time\" content=\"2025-10-06T15:12:28+00:00\" \/>\n<meta name=\"twitter:card\" content=\"summary_large_image\" \/>\n<meta name=\"twitter:label1\" content=\"Est. reading time\" \/>\n\t<meta name=\"twitter:data1\" content=\"36 minutes\" \/>\n<script type=\"application\/ld+json\" class=\"yoast-schema-graph\">{\"@context\":\"https:\/\/schema.org\",\"@graph\":[{\"@type\":\"WebPage\",\"@id\":\"https:\/\/fondation-isae-supaero.org\/en\/governance\/\",\"url\":\"https:\/\/fondation-isae-supaero.org\/en\/governance\/\",\"name\":\"Governance - Fondation ISAE-SUPAERO\",\"isPartOf\":{\"@id\":\"https:\/\/fondation-isae-supaero.org\/en\/#website\"},\"datePublished\":\"2022-03-18T06:35:19+00:00\",\"dateModified\":\"2025-10-06T15:12:28+00:00\",\"description\":\"The governance of the Foundation is ensured in a rigorous and transparent manner by a Board of Directors which elects an Executive Committee and relies on the advice of two advisory committees.\",\"breadcrumb\":{\"@id\":\"https:\/\/fondation-isae-supaero.org\/en\/governance\/#breadcrumb\"},\"inLanguage\":\"en-US\",\"potentialAction\":[{\"@type\":\"ReadAction\",\"target\":[\"https:\/\/fondation-isae-supaero.org\/en\/governance\/\"]}]},{\"@type\":\"BreadcrumbList\",\"@id\":\"https:\/\/fondation-isae-supaero.org\/en\/governance\/#breadcrumb\",\"itemListElement\":[{\"@type\":\"ListItem\",\"position\":1,\"name\":\"Accueil\",\"item\":\"https:\/\/fondation-isae-supaero.org\/en\/\"},{\"@type\":\"ListItem\",\"position\":2,\"name\":\"Governance\"}]},{\"@type\":\"WebSite\",\"@id\":\"https:\/\/fondation-isae-supaero.org\/en\/#website\",\"url\":\"https:\/\/fondation-isae-supaero.org\/en\/\",\"name\":\"Fondation ISAE-SUPAERO\",\"description\":\"Pour le soutien de la recherche et l&#039;enseignement sup\u00e9rieur \u00e0 l&#039;Institut Sup\u00e9rieur de l&#039;A\u00e9ronautique et de l&#039;Espace\",\"publisher\":{\"@id\":\"https:\/\/fondation-isae-supaero.org\/en\/#organization\"},\"potentialAction\":[{\"@type\":\"SearchAction\",\"target\":{\"@type\":\"EntryPoint\",\"urlTemplate\":\"https:\/\/fondation-isae-supaero.org\/en\/?s={search_term_string}\"},\"query-input\":{\"@type\":\"PropertyValueSpecification\",\"valueRequired\":true,\"valueName\":\"search_term_string\"}}],\"inLanguage\":\"en-US\"},{\"@type\":\"Organization\",\"@id\":\"https:\/\/fondation-isae-supaero.org\/en\/#organization\",\"name\":\"Fondation ISAE Supaero\",\"url\":\"https:\/\/fondation-isae-supaero.org\/en\/\",\"logo\":{\"@type\":\"ImageObject\",\"inLanguage\":\"en-US\",\"@id\":\"https:\/\/fondation-isae-supaero.org\/en\/#\/schema\/logo\/image\/\",\"url\":\"https:\/\/fondation-isae-supaero.org\/wp-content\/uploads\/2022\/04\/logo-fondation-ras-293px.svg\",\"contentUrl\":\"https:\/\/fondation-isae-supaero.org\/wp-content\/uploads\/2022\/04\/logo-fondation-ras-293px.svg\",\"width\":294,\"height\":93,\"caption\":\"Fondation ISAE Supaero\"},\"image\":{\"@id\":\"https:\/\/fondation-isae-supaero.org\/en\/#\/schema\/logo\/image\/\"}}]}<\/script>\n<!-- \/ Yoast SEO plugin. -->","yoast_head_json":{"title":"Governance - Fondation ISAE-SUPAERO","description":"The governance of the Foundation is ensured in a rigorous and transparent manner by a Board of Directors which elects an Executive Committee and relies on the advice of two advisory committees.","robots":{"index":"index","follow":"follow","max-snippet":"max-snippet:-1","max-image-preview":"max-image-preview:large","max-video-preview":"max-video-preview:-1"},"canonical":"https:\/\/fondation-isae-supaero.org\/en\/governance\/","og_locale":"en_US","og_type":"article","og_title":"Governance - Fondation ISAE-SUPAERO","og_description":"The governance of the Foundation is ensured in a rigorous and transparent manner by a Board of Directors which elects an Executive Committee and relies on the advice of two advisory committees.","og_url":"https:\/\/fondation-isae-supaero.org\/en\/governance\/","og_site_name":"Fondation ISAE-SUPAERO","article_modified_time":"2025-10-06T15:12:28+00:00","twitter_card":"summary_large_image","twitter_misc":{"Est. reading time":"36 minutes"},"schema":{"@context":"https:\/\/schema.org","@graph":[{"@type":"WebPage","@id":"https:\/\/fondation-isae-supaero.org\/en\/governance\/","url":"https:\/\/fondation-isae-supaero.org\/en\/governance\/","name":"Governance - Fondation ISAE-SUPAERO","isPartOf":{"@id":"https:\/\/fondation-isae-supaero.org\/en\/#website"},"datePublished":"2022-03-18T06:35:19+00:00","dateModified":"2025-10-06T15:12:28+00:00","description":"The governance of the Foundation is ensured in a rigorous and transparent manner by a Board of Directors which elects an Executive Committee and relies on the advice of two advisory committees.","breadcrumb":{"@id":"https:\/\/fondation-isae-supaero.org\/en\/governance\/#breadcrumb"},"inLanguage":"en-US","potentialAction":[{"@type":"ReadAction","target":["https:\/\/fondation-isae-supaero.org\/en\/governance\/"]}]},{"@type":"BreadcrumbList","@id":"https:\/\/fondation-isae-supaero.org\/en\/governance\/#breadcrumb","itemListElement":[{"@type":"ListItem","position":1,"name":"Accueil","item":"https:\/\/fondation-isae-supaero.org\/en\/"},{"@type":"ListItem","position":2,"name":"Governance"}]},{"@type":"WebSite","@id":"https:\/\/fondation-isae-supaero.org\/en\/#website","url":"https:\/\/fondation-isae-supaero.org\/en\/","name":"Fondation ISAE-SUPAERO","description":"Pour le soutien de la recherche et l&#039;enseignement sup\u00e9rieur \u00e0 l&#039;Institut Sup\u00e9rieur de l&#039;A\u00e9ronautique et de l&#039;Espace","publisher":{"@id":"https:\/\/fondation-isae-supaero.org\/en\/#organization"},"potentialAction":[{"@type":"SearchAction","target":{"@type":"EntryPoint","urlTemplate":"https:\/\/fondation-isae-supaero.org\/en\/?s={search_term_string}"},"query-input":{"@type":"PropertyValueSpecification","valueRequired":true,"valueName":"search_term_string"}}],"inLanguage":"en-US"},{"@type":"Organization","@id":"https:\/\/fondation-isae-supaero.org\/en\/#organization","name":"Fondation ISAE Supaero","url":"https:\/\/fondation-isae-supaero.org\/en\/","logo":{"@type":"ImageObject","inLanguage":"en-US","@id":"https:\/\/fondation-isae-supaero.org\/en\/#\/schema\/logo\/image\/","url":"https:\/\/fondation-isae-supaero.org\/wp-content\/uploads\/2022\/04\/logo-fondation-ras-293px.svg","contentUrl":"https:\/\/fondation-isae-supaero.org\/wp-content\/uploads\/2022\/04\/logo-fondation-ras-293px.svg","width":294,"height":93,"caption":"Fondation ISAE Supaero"},"image":{"@id":"https:\/\/fondation-isae-supaero.org\/en\/#\/schema\/logo\/image\/"}}]}},"_links":{"self":[{"href":"https:\/\/fondation-isae-supaero.org\/en\/wp-json\/wp\/v2\/pages\/7743","targetHints":{"allow":["GET"]}}],"collection":[{"href":"https:\/\/fondation-isae-supaero.org\/en\/wp-json\/wp\/v2\/pages"}],"about":[{"href":"https:\/\/fondation-isae-supaero.org\/en\/wp-json\/wp\/v2\/types\/page"}],"author":[{"embeddable":true,"href":"https:\/\/fondation-isae-supaero.org\/en\/wp-json\/wp\/v2\/users\/1"}],"replies":[{"embeddable":true,"href":"https:\/\/fondation-isae-supaero.org\/en\/wp-json\/wp\/v2\/comments?post=7743"}],"version-history":[{"count":14,"href":"https:\/\/fondation-isae-supaero.org\/en\/wp-json\/wp\/v2\/pages\/7743\/revisions"}],"predecessor-version":[{"id":15239,"href":"https:\/\/fondation-isae-supaero.org\/en\/wp-json\/wp\/v2\/pages\/7743\/revisions\/15239"}],"wp:attachment":[{"href":"https:\/\/fondation-isae-supaero.org\/en\/wp-json\/wp\/v2\/media?parent=7743"}],"curies":[{"name":"wp","href":"https:\/\/api.w.org\/{rel}","templated":true}]}}